{"id":3527,"date":"2018-09-12T18:44:26","date_gmt":"2018-09-12T18:44:26","guid":{"rendered":"https:\/\/denverzootemp.org\/dz_animals\/indian-peafowl-2\/"},"modified":"2024-07-03T16:55:14","modified_gmt":"2024-07-03T22:55:14","slug":"hooded-capuchin","status":"publish","type":"dz_animals","link":"https:\/\/denverzoo.org\/es\/animals\/hooded-capuchin\/","title":{"rendered":"Mono silbador"},"content":{"rendered":"<div  class='lhl-section urbi-component urbi-component front_view lhl_comp_width_narrow lhl_spacing_t_00 lhl_spacing_b_07 lhl_spacing_l_00 lhl_spacing_r_00 section-background-t' ><div class=\"urbi-component-inner\">\n    <div class=\"is-layout-constrained\">\n\n<p><\/p>\n\n\n\n<p class=\"has-text-align-center\">Los capuchinos son los monos m\u00e1s inteligentes del Nuevo Mundo, quiz\u00e1s tan inteligentes como los chimpanc\u00e9s. Se destacan por su capacidad para dise\u00f1ar y utilizar herramientas. Por ejemplo, se ha observado que utilizan rocas para abrir nueces.<\/p>\n\n<\/div>\n\n<\/div>\n<\/div>\n\n\n\n\n<div  class='lhl-section urbi-component urbi-component front_view lhl_spacing_t_10 lhl_spacing_b_09 lhl_spacing_l_00 lhl_spacing_r_00 section-background-t urbi-component-bg--white  bg-pattern-option1' ><div class=\"urbi-component-inner\">\n    <div class=\"is-layout-constrained\">\n\n\n\n<div  class='urbi\/tiles urbi-component urbi-component front_view lhl_spacing_t_00 lhl_spacing_b_00 lhl_spacing_l_00 lhl_spacing_r_00 section-background-t' >\n<div class=\"uk-child-width-1-3@s uk-grid-match\" uk-grid>\n    \n\n\n<div>\n\n        <div  class='urbi\/tile urbi-card urbi-card--tile urbi-card--shadow-3' >\n    <div class=\"urbi-tile-inner\">\n                    <div class=\"tile-title\" style=\"background-color: #194F91\">\n                <h3 class=\"tile-title__text lhl_mb_0 uk-text-uppercase uk-text-center\" style=\"color: white\">Clasificaci\u00f3n<\/h3>\n            <\/div>\n                <div class=\"tile-content padding-none\">\n\n<figure class=\"wp-block-table\"><table><tbody><tr><td><strong>CLASE:<\/strong><\/td><td>Mammalia<\/td><\/tr><tr><td><strong>ORDEN:<\/strong><\/td><td><br>Primates<\/td><\/tr><tr><td><strong>FAMILIA:<\/strong><\/td><td>Cebidae<\/td><\/tr><tr><td><strong>G\u00c9NERO:<\/strong><\/td><td>Sapajus<\/td><\/tr><tr><td><strong>ESPECIES:<\/strong><\/td><td>apella<\/td><\/tr><\/tbody><\/table><\/figure>\n\n<\/div>\n    <\/div>\n    <\/div><\/div>\n\n\n\n<div>\n\n        <div  class='urbi\/tile urbi-card urbi-card--tile urbi-card--shadow-3' >\n    <div class=\"urbi-tile-inner\">\n                    <div class=\"tile-title\" style=\"background-color: #51941C\">\n                <h3 class=\"tile-title__text lhl_mb_0 uk-text-uppercase uk-text-center\" style=\"color: white\">H\u00e1bitat y distribuci\u00f3n<\/h3>\n            <\/div>\n                <div class=\"tile-content padding-none\">\n\n\n\n<div  class='lhl-card urbi-component urbi-component front_view lhl_comp_width_inherit lhl_spacing_t_05 lhl_spacing_b_05 lhl_spacing_l_05 lhl_spacing_r_05 section-background-t  lhl_card  lhl_card_shadow_0 lhl_card_radius_0' ><div class=\"urbi-component-inner\">\n    <div class=\"acf-innerblocks-container\">\n\n<p>Los capuchinos encapuchados viven en bosques subtropicales h\u00famedos y semicaducifolios. En Bolivia y Argentina viven en bosques subtropicales de laurisilva y montanos estacionales hasta 5000 pies. En Paraguay, viven en bosques densamente h\u00famedos semicaducifolios y bosques de galer\u00eda en \u00e1reas de matorrales espinosos y sabanas.<\/p>\n\n\n\n<p>Viven en Am\u00e9rica del Sur, espec\u00edficamente en el sureste de Bolivia, el norte de Argentina, Brasil y Paraguay.<\/p>\n\n<\/div>\n<\/div>\n<\/div>\n<\/div>\n    <\/div>\n    <\/div><\/div>\n\n\n\n<div>\n\n        <div  class='urbi\/tile urbi-card urbi-card--tile urbi-card--shadow-3' >\n    <div class=\"urbi-tile-inner\">\n                    <div class=\"tile-title\" style=\"background-color: #194F91\">\n                <h3 class=\"tile-title__text lhl_mb_0 uk-text-uppercase uk-text-center\" style=\"color: white\">Localizaci\u00f3n<\/h3>\n            <\/div>\n                <div class=\"tile-content padding-small\">\n\n<p><\/p>\n\n\n\n<figure class=\"wp-block-image aligncenter size-full is-resized wp-duotone-grayscale\"><img loading=\"lazy\" decoding=\"async\" width=\"436\" height=\"436\" src=\"https:\/\/denverzoo.org\/wp-content\/uploads\/2018\/09\/americas-1.png\" alt=\"north america globe\" class=\"wp-image-2574\" style=\"aspect-ratio:1;object-fit:cover;width:324px;height:auto\" srcset=\"https:\/\/denverzoo.org\/wp-content\/uploads\/2018\/09\/americas-1.png 436w, https:\/\/denverzoo.org\/wp-content\/uploads\/2018\/09\/americas-1-150x150.png 150w, https:\/\/denverzoo.org\/wp-content\/uploads\/2018\/09\/americas-1-220x220.png 220w, https:\/\/denverzoo.org\/wp-content\/uploads\/2018\/09\/americas-1-12x12.png 12w, https:\/\/denverzoo.org\/wp-content\/uploads\/2018\/09\/americas-1-94x94.png 94w, https:\/\/denverzoo.org\/wp-content\/uploads\/2018\/09\/americas-1-300x300.png 300w\" sizes=\"auto, (max-width: 436px) 100vw, 436px\" \/><\/figure>\n\n<\/div>\n    <\/div>\n    <\/div><\/div>\n\n\n<\/div>\n<\/div>\n<\/div>\n\n<\/div>\n<\/div>\n\n\n\n\n<div  class='lhl-section urbi-component urbi-component front_view lhl_spacing_t_07 lhl_spacing_b_10 lhl_spacing_l_00 lhl_spacing_r_00 section-background-t' ><div class=\"urbi-component-inner\">\n    <div class=\"is-layout-constrained\">\n\n<figure class=\"wp-block-image size-full\"><img loading=\"lazy\" decoding=\"async\" width=\"4842\" height=\"1000\" src=\"https:\/\/denverzoo.org\/wp-content\/uploads\/2024\/05\/IUCN_LeastConcern.png\" alt=\"\" class=\"wp-image-36468\" style=\"object-fit:cover\" srcset=\"https:\/\/denverzoo.org\/wp-content\/uploads\/2024\/05\/IUCN_LeastConcern.png 4842w, https:\/\/denverzoo.org\/wp-content\/uploads\/2024\/05\/IUCN_LeastConcern-220x45.png 220w, https:\/\/denverzoo.org\/wp-content\/uploads\/2024\/05\/IUCN_LeastConcern-1024x211.png 1024w, https:\/\/denverzoo.org\/wp-content\/uploads\/2024\/05\/IUCN_LeastConcern-768x159.png 768w, https:\/\/denverzoo.org\/wp-content\/uploads\/2024\/05\/IUCN_LeastConcern-1536x317.png 1536w, https:\/\/denverzoo.org\/wp-content\/uploads\/2024\/05\/IUCN_LeastConcern-2048x423.png 2048w, https:\/\/denverzoo.org\/wp-content\/uploads\/2024\/05\/IUCN_LeastConcern-18x4.png 18w\" sizes=\"auto, (max-width: 4842px) 100vw, 4842px\" \/><\/figure>\n\n\n\n<p><\/p>\n\n<\/div>\n\n<\/div>\n<\/div>\n\n\n\n\n<div  class='lhl-section urbi-component urbi-component front_view lhl_comp_width_narrow lhl_spacing_t_10 lhl_spacing_b_00 lhl_spacing_l_00 lhl_spacing_r_00 section-background-4  bg-pattern-option5' ><div class=\"urbi-component-inner\">\n    <div class=\"is-layout-constrained\">\n\n<p><\/p>\n\n\n\r\n\r\n<div  class='lhl-slideshow-gallery urbi-component urbi-component front_view lhl_comp_width_narrow lhl_spacing_t_00 lhl_spacing_b_10 lhl_spacing_l_00 lhl_spacing_r_00 section-background-t' ><div class=\"\">\r\n    <div class=\"urbi-component-inner\">\r\n\r\n        <div style=\"--swiper-navigation-color: #fff; --swiper-pagination-color: #fff\" class=\"swiper swiper-69f464f5d4e15mySwiper2 urbi-swiper-gallery-show\">\r\n            <div class=\"swiper-wrapper swiper-wrapper--main\">\r\n                                    \r\n                        <div class=\"swiper-slide\">\r\n                            <img loading=\"lazy\" decoding=\"async\" width=\"792\" height=\"510\" src=\"https:\/\/denverzoo.org\/wp-content\/uploads\/2018\/09\/Capuchin-792x510.jpg\" class=\"urbi-img img-class\" alt=\"\" \/>                        <\/div>\r\n\r\n                    \r\n                        <div class=\"swiper-slide\">\r\n                            <img loading=\"lazy\" decoding=\"async\" width=\"400\" height=\"400\" src=\"https:\/\/denverzoo.org\/wp-content\/uploads\/2018\/09\/hooded-capuchin-thumbnail.jpg\" class=\"urbi-img img-class\" alt=\"Hooded capuchin\" srcset=\"https:\/\/denverzoo.org\/wp-content\/uploads\/2018\/09\/hooded-capuchin-thumbnail.jpg 400w, https:\/\/denverzoo.org\/wp-content\/uploads\/2018\/09\/hooded-capuchin-thumbnail-150x150.jpg 150w, https:\/\/denverzoo.org\/wp-content\/uploads\/2018\/09\/hooded-capuchin-thumbnail-220x220.jpg 220w, https:\/\/denverzoo.org\/wp-content\/uploads\/2018\/09\/hooded-capuchin-thumbnail-12x12.jpg 12w, https:\/\/denverzoo.org\/wp-content\/uploads\/2018\/09\/hooded-capuchin-thumbnail-94x94.jpg 94w, https:\/\/denverzoo.org\/wp-content\/uploads\/2018\/09\/hooded-capuchin-thumbnail-300x300.jpg 300w\" sizes=\"auto, (max-width: 400px) 100vw, 400px\" \/>                        <\/div>\r\n\r\n                    \r\n                        <div class=\"swiper-slide\">\r\n                            <img loading=\"lazy\" decoding=\"async\" width=\"400\" height=\"400\" src=\"https:\/\/denverzoo.org\/wp-content\/uploads\/2018\/09\/Hooded-Capuchin_Thumb.jpg\" class=\"urbi-img img-class\" alt=\"hooded capuchin\" srcset=\"https:\/\/denverzoo.org\/wp-content\/uploads\/2018\/09\/Hooded-Capuchin_Thumb.jpg 400w, https:\/\/denverzoo.org\/wp-content\/uploads\/2018\/09\/Hooded-Capuchin_Thumb-150x150.jpg 150w, https:\/\/denverzoo.org\/wp-content\/uploads\/2018\/09\/Hooded-Capuchin_Thumb-220x220.jpg 220w, https:\/\/denverzoo.org\/wp-content\/uploads\/2018\/09\/Hooded-Capuchin_Thumb-12x12.jpg 12w, https:\/\/denverzoo.org\/wp-content\/uploads\/2018\/09\/Hooded-Capuchin_Thumb-94x94.jpg 94w, https:\/\/denverzoo.org\/wp-content\/uploads\/2018\/09\/Hooded-Capuchin_Thumb-300x300.jpg 300w\" sizes=\"auto, (max-width: 400px) 100vw, 400px\" \/>                        <\/div>\r\n\r\n                    \r\n                        <div class=\"swiper-slide\">\r\n                            <img loading=\"lazy\" decoding=\"async\" width=\"952\" height=\"510\" src=\"https:\/\/denverzoo.org\/wp-content\/uploads\/2018\/09\/hooded-capuchin-7-952x510.jpg\" class=\"urbi-img img-class\" alt=\"Hooded capuchin in the fall foliage\" \/>                        <\/div>\r\n\r\n                    \r\n                        <div class=\"swiper-slide\">\r\n                            <img loading=\"lazy\" decoding=\"async\" width=\"952\" height=\"510\" src=\"https:\/\/denverzoo.org\/wp-content\/uploads\/2018\/09\/Hooded-Capuchin_02-952x510.jpg\" class=\"urbi-img img-class\" alt=\"hooded capuchin in tree\" \/>                        <\/div>\r\n\r\n                                                <\/div>\r\n\r\n        <\/div>\r\n\r\n                    <div class=\"lhl-slideshow-gallery__navholder\">\r\n                <div thumbsslider=\"\" class=\"swiper swiper-69f464f5d4e15mySwiper urbi-swiper-gallery-thumb\">\r\n                    <div class=\"swiper-wrapper\">\r\n                                                    \r\n                                <div class=\"swiper-slide\">\r\n                                    <img loading=\"lazy\" decoding=\"async\" width=\"145\" height=\"132\" src=\"https:\/\/denverzoo.org\/wp-content\/uploads\/2018\/09\/Capuchin-145x132.jpg\" class=\"urbi-img img-class\" alt=\"\" srcset=\"https:\/\/denverzoo.org\/wp-content\/uploads\/2018\/09\/Capuchin-145x132.jpg 145w, https:\/\/denverzoo.org\/wp-content\/uploads\/2018\/09\/Capuchin-12x12.jpg 12w\" sizes=\"auto, (max-width: 145px) 100vw, 145px\" \/>                                <\/div>\r\n\r\n                            \r\n                                <div class=\"swiper-slide\">\r\n                                    <img loading=\"lazy\" decoding=\"async\" width=\"145\" height=\"132\" src=\"https:\/\/denverzoo.org\/wp-content\/uploads\/2018\/09\/hooded-capuchin-thumbnail-145x132.jpg\" class=\"urbi-img img-class\" alt=\"Hooded capuchin\" srcset=\"https:\/\/denverzoo.org\/wp-content\/uploads\/2018\/09\/hooded-capuchin-thumbnail-145x132.jpg 145w, https:\/\/denverzoo.org\/wp-content\/uploads\/2018\/09\/hooded-capuchin-thumbnail-12x12.jpg 12w, https:\/\/denverzoo.org\/wp-content\/uploads\/2018\/09\/hooded-capuchin-thumbnail-400x360.jpg 400w\" sizes=\"auto, (max-width: 145px) 100vw, 145px\" \/>                                <\/div>\r\n\r\n                            \r\n                                <div class=\"swiper-slide\">\r\n                                    <img loading=\"lazy\" decoding=\"async\" width=\"145\" height=\"132\" src=\"https:\/\/denverzoo.org\/wp-content\/uploads\/2018\/09\/Hooded-Capuchin_Thumb-145x132.jpg\" class=\"urbi-img img-class\" alt=\"hooded capuchin\" srcset=\"https:\/\/denverzoo.org\/wp-content\/uploads\/2018\/09\/Hooded-Capuchin_Thumb-145x132.jpg 145w, https:\/\/denverzoo.org\/wp-content\/uploads\/2018\/09\/Hooded-Capuchin_Thumb-12x12.jpg 12w, https:\/\/denverzoo.org\/wp-content\/uploads\/2018\/09\/Hooded-Capuchin_Thumb-400x360.jpg 400w\" sizes=\"auto, (max-width: 145px) 100vw, 145px\" \/>                                <\/div>\r\n\r\n                            \r\n                                <div class=\"swiper-slide\">\r\n                                    <img loading=\"lazy\" decoding=\"async\" width=\"145\" height=\"132\" src=\"https:\/\/denverzoo.org\/wp-content\/uploads\/2018\/09\/hooded-capuchin-7-145x132.jpg\" class=\"urbi-img img-class\" alt=\"Hooded capuchin in the fall foliage\" \/>                                <\/div>\r\n\r\n                            \r\n                                <div class=\"swiper-slide\">\r\n                                    <img loading=\"lazy\" decoding=\"async\" width=\"145\" height=\"132\" src=\"https:\/\/denverzoo.org\/wp-content\/uploads\/2018\/09\/Hooded-Capuchin_02-145x132.jpg\" class=\"urbi-img img-class\" alt=\"hooded capuchin in tree\" \/>                                <\/div>\r\n\r\n                                                    \r\n                    <\/div>\r\n\r\n                <\/div>\r\n                <div class=\"swiper-button-next\"><\/div>\r\n                <div class=\"swiper-button-prev\"><\/div>\r\n            <\/div>\r\n        \r\n    <\/div>\r\n<\/div>\r\n<\/div>\r\n\r\n    <script>\r\n        var swiper = new Swiper(\".swiper-69f464f5d4e15mySwiper\", {\r\n            loop: true,\r\n            spaceBetween: 28,\r\n            slidesPerView: 5,\r\n            freeMode: true,\r\n            watchSlidesProgress: true,\r\n            breakpoints: {\r\n                \/\/ when window width is >= 320px\r\n                220: {\r\n                    slidesPerView: 2,\r\n                    spaceBetween: 20,\r\n                },\r\n                620: {\r\n                    slidesPerView: 3,\r\n                    spaceBetween: 20,\r\n                },\r\n                \/\/ when window width is >= 480px\r\n                800: {\r\n                    slidesPerView: 4,\r\n                    spaceBetween: 20,\r\n                },\r\n                \/\/ when window width is >= 900px\r\n                900: {\r\n                    slidesPerView: 5,\r\n                    spaceBetween: 28,\r\n                }\r\n            },\r\n        });\r\n        var swiper2 = new Swiper(\".swiper-69f464f5d4e15mySwiper2\", {\r\n            loop: true,\r\n            spaceBetween: 10,\r\n            navigation: {\r\n                nextEl: \".swiper-button-next\",\r\n                prevEl: \".swiper-button-prev\",\r\n            },\r\n            thumbs: {\r\n                swiper: swiper,\r\n            },\r\n        });\r\n    <\/script>\r\n\n<\/div>\n\n<\/div>\n<\/div>\n\n\n\n\n<div  class='lhl-section urbi-component urbi-component front_view lhl_spacing_t_10 lhl_spacing_b_10 lhl_spacing_l_00 lhl_spacing_r_00 section-background-t' ><div class=\"urbi-component-inner\">\n    <div class=\"is-layout-constrained\">\n\n\n\n<div  class='lhl-card urbi-component urbi-component front_view lhl_comp_width_narrow lhl_spacing_t_09 lhl_spacing_b_09 lhl_spacing_l_00 lhl_spacing_r_00 section-background-t  lhl_card  lhl_card_shadow_3 lhl_card_radius_0' ><div class=\"urbi-component-inner\">\n    <div class=\"acf-innerblocks-container\">\n\n<h2 class=\"wp-block-heading\">Adaptaciones<\/h2>\n\n\n\n<ul class=\"wp-block-list\">\n<li>Son principalmente&nbsp;<strong>arb\u00f3reo<\/strong>&nbsp;pero forrajea en el suelo.<\/li>\n\n\n\n<li>Son&nbsp;<strong>diurna y alimentarse todo el d\u00eda<\/strong>&nbsp;con un breve descanso al mediod\u00eda.<\/li>\n\n\n\n<li>Ellos tienen&nbsp;<strong>cola semiprensil<\/strong>s que les ayudan a estabilizar el movimiento o actuar como un freno.<\/li>\n\n\n\n<li>Ellos tienen&nbsp;<strong>pulgares oponibles y dedos gordos de los pies<\/strong>. Tambi\u00e9n pueden caminar erguidos para poder llevar comida; crean y usan objetos como herramientas y para manipular alimentos.<\/li>\n\n\n\n<li>Se consideran&nbsp;<strong>muy inteligente<\/strong>, algunos piensan tan inteligentes como los chimpanc\u00e9s.<\/li>\n<\/ul>\n\n<\/div>\n<\/div>\n<\/div>\n<\/div>\n\n<\/div>\n<\/div>\n\n\n\n\n<div  class='lhl-section urbi-component urbi-component front_view lhl_comp_width_narrow lhl_spacing_t_10 lhl_spacing_b_10 lhl_spacing_l_00 lhl_spacing_r_00 section-background-3' ><div class=\"urbi-component-inner\">\n    <div class=\"is-layout-constrained\">\n\n<h2 class=\"wp-block-heading\">Descripci\u00f3n f\u00edsica<\/h2>\n\n\n\n<ul class=\"wp-block-list\">\n<li>Los capuchinos encapuchados miden de 30 a 56 cm (12 a 22 pulgadas) de largo con una cola de 38 a 56 cm (15 a 22 pulgadas).<\/li>\n\n\n\n<li>Los adultos pesan de seis a ocho libras (3-4 kg).<\/li>\n\n\n\n<li>Los capuchinos encapuchados no son sexualmente dim\u00f3rficos, pero los machos pueden tener un pelaje de apariencia m\u00e1s oscura.<\/li>\n\n\n\n<li>Tienen una corona de color marr\u00f3n con dos cuernos de pelaje en forma de mechones.<\/li>\n\n\n\n<li>En general son bastante p\u00e1lidos y se diferencian de otros capuchinos copetudos porque el pelo en la parte posterior del cuello y la parte dorsal de la cola es de color marr\u00f3n quemado, con un cuerpo dorsal, hombros, antebrazos, montura, grupa y muslos de color marr\u00f3n gris\u00e1ceo y antebrazos y piernas negros, manos, mu\u00f1ecas y pies negros.<\/li>\n<\/ul>\n\n<\/div>\n\n<\/div>\n<\/div>\n\n\n\n\n<div  class='lhl-section urbi-component urbi-component front_view lhl_spacing_t_10 lhl_spacing_b_10 lhl_spacing_l_00 lhl_spacing_r_00 section-background-t' ><div class=\"urbi-component-inner\">\n    <div class=\"is-layout-constrained\">\n\n\n\n<div  class='lhl-card urbi-component urbi-component front_view lhl_comp_width_narrow lhl_spacing_t_09 lhl_spacing_b_09 lhl_spacing_l_00 lhl_spacing_r_00 section-background-t  lhl_card  lhl_card_shadow_3 lhl_card_radius_0' ><div class=\"urbi-component-inner\">\n    <div class=\"acf-innerblocks-container\">\n\n<h2 class=\"wp-block-heading\">Dieta<\/h2>\n\n\n\n<p><strong>\u00bfQu\u00e9 come?<\/strong><\/p>\n\n\n\n<p><strong>En la naturaleza:<\/strong><br>Son omn\u00edvoros que comen principalmente frutas, hojas j\u00f3venes que incluyen bases de hojas suculentas, insectos, presas de peque\u00f1os animales y n\u00e9ctar de flores.<\/p>\n\n\n\n<p><strong>En el zool\u00f3gico:<\/strong><br>Se les proporciona una gran variedad de verduras, verduras, semillas e insectos. Las nueces se dan como golosinas para el entrenamiento.<\/p>\n\n\n\n<p><strong>\u00bfQu\u00e9 se lo come?<\/strong><br>\u00c1guilas, especialmente \u00e1guilas arp\u00edas y jaguares. Se produce algo de caza humana y se recolectan capuchinos para el comercio de mascotas.<\/p>\n\n<\/div>\n<\/div>\n<\/div>\n<\/div>\n\n<\/div>\n<\/div>\n\n\r\n\r\n<div  class='lhl-text-and-image urbi-component urbi-component front_view lhl_comp_width_inherit lhl_spacing_t_10 lhl_spacing_b_10 lhl_spacing_l_00 lhl_spacing_r_00 section-background-t' >\r\n<div class=\"urbi-component-inner\">\r\n\r\n    <div class=\"text_and_image_comp_inner lhl_grid_default lhl_grid uk-grid-match\" uk-grid>\r\n\r\n                <div class=\"lhl_grid_col lhl-text-and-image__col-img lhl_width_1_2@m\">\r\n\r\n            \r\n                \r\n                                    <div class=\"default-image-container\">\r\n                                                    <img decoding=\"async\" width=\"380\" height=\"380\" src=\"https:\/\/denverzoo.org\/wp-content\/uploads\/2018\/09\/Hooded-Capuchin_Thumb.jpg\" class=\"urbi-img img-class\" alt=\"hooded capuchin\" loading=\"lazy\" srcset=\"https:\/\/denverzoo.org\/wp-content\/uploads\/2018\/09\/Hooded-Capuchin_Thumb.jpg 400w, https:\/\/denverzoo.org\/wp-content\/uploads\/2018\/09\/Hooded-Capuchin_Thumb-150x150.jpg 150w, https:\/\/denverzoo.org\/wp-content\/uploads\/2018\/09\/Hooded-Capuchin_Thumb-220x220.jpg 220w, https:\/\/denverzoo.org\/wp-content\/uploads\/2018\/09\/Hooded-Capuchin_Thumb-12x12.jpg 12w, https:\/\/denverzoo.org\/wp-content\/uploads\/2018\/09\/Hooded-Capuchin_Thumb-94x94.jpg 94w, https:\/\/denverzoo.org\/wp-content\/uploads\/2018\/09\/Hooded-Capuchin_Thumb-300x300.jpg 300w\" sizes=\"auto, (max-width: 380px) 100vw, 380px\" \/>                                            <\/div>\r\n                \r\n                \r\n            \r\n            \r\n                    <\/div>\r\n\r\n                <div class=\"lhl_grid_col lhl-text-and-image__col-text lhl_width_1_2@m\">\r\n            <div class=\"lhl-text-and-image__col-text-inner lhl_spacing_03\" style=\"\">\r\n                <div class=\"acf-innerblocks-container\">\n\n<h2 class=\"wp-block-heading\">Organizaci\u00f3n social<\/h2>\n\n\n\n<p>Por lo general, viven en grupos de aproximadamente 6 a 30 individuos, que consisten en hembras emparentadas, cr\u00edas, machos subordinados y un macho dominante con derechos primarios de apareamiento; Los descendientes masculinos abandonan el grupo alrededor de los 6 a\u00f1os. Existe una jerarqu\u00eda social de alimentaci\u00f3n distinta: las hembras y las cr\u00edas toleradas forman una vanguardia; seguido por el macho dominante en el centro; seguido por los juveniles. Los individuos no tolerados est\u00e1n en la periferia. Esto proporciona a los individuos tolerados el mejor acceso a los alimentos y reduce la agresi\u00f3n de los individuos no tolerados, a expensas de menos alimentos y un mayor riesgo de depredaci\u00f3n, aunque no tanto como si estuvieran solos. El aseo ayuda a la cohesi\u00f3n social. Son muy vocales y territoriales, y utilizan la orina para marcar y mostrar madurez sexual e individualidad.  Las expresiones faciales incluyen: boca abierta relajada, dientes al descubierto en silencio, una combinaci\u00f3n de estos dos, relamerse los labios para mostrar tranquilidad, amenaza con la boca abierta, labio saliente y levantamiento del cuero cabelludo para acentuar otras manifestaciones. Los estudios con capuchinos copetudos en cautiverio indican que los grupos son matrilineales y que existen din\u00e1micas complejas dentro del grupo.<\/p>\n\n<\/div>\r\n            <\/div>\r\n        <\/div>\r\n    <\/div>\r\n<\/div>\r\n<\/div>\n\n\n\n\n<div  class='lhl-section urbi-component urbi-component front_view lhl_comp_width_narrow lhl_spacing_t_10 lhl_spacing_b_10 lhl_spacing_l_00 lhl_spacing_r_00 section-background-3' ><div class=\"urbi-component-inner\">\n    <div class=\"is-layout-constrained\">\n\n<h2 class=\"wp-block-heading\">Ciclo vital<\/h2>\n\n\n\n<p>Los capuchinos encapuchados viven unos 25 a\u00f1os en estado salvaje y hasta 40 a\u00f1os en los zool\u00f3gicos. Las hembras alcanzan la madurez sexual alrededor de los 4 a\u00f1os; machos alrededor de los 7-8 a\u00f1os. La reproducci\u00f3n ocurre durante todo el a\u00f1o y las hembras solo muestran cambios de comportamiento cuando est\u00e1n en celo, sin cambios morfol\u00f3gicos. Seguir\u00e1n a un macho, mostrando posturas sumisas, adem\u00e1s de tocarse, hacer muecas y vocalizar con un gemido o silbido. El macho puede mostrarse indiferente al principio y luego copular, hasta una vez al d\u00eda. Despu\u00e9s de un per\u00edodo de gestaci\u00f3n de 160 a 180 d\u00edas nace un solo beb\u00e9. El beb\u00e9 se aferra a la espalda de su madre hasta los 6 meses y es destetado al a\u00f1o. La hembra da a luz aproximadamente cada 2 a\u00f1os.<\/p>\n\n<\/div>\n\n<\/div>\n<\/div>","protected":false},"excerpt":{"rendered":"","protected":false},"featured_media":31502,"template":"","class_list":["post-3527","dz_animals","type-dz_animals","status-publish","has-post-thumbnail","hentry","animal_class-mammals"],"acf":[],"_links":{"self":[{"href":"https:\/\/denverzoo.org\/es\/wp-json\/wp\/v2\/dz_animals\/3527","targetHints":{"allow":["GET"]}}],"collection":[{"href":"https:\/\/denverzoo.org\/es\/wp-json\/wp\/v2\/dz_animals"}],"about":[{"href":"https:\/\/denverzoo.org\/es\/wp-json\/wp\/v2\/types\/dz_animals"}],"wp:featuredmedia":[{"embeddable":true,"href":"https:\/\/denverzoo.org\/es\/wp-json\/wp\/v2\/media\/31502"}],"wp:attachment":[{"href":"https:\/\/denverzoo.org\/es\/wp-json\/wp\/v2\/media?parent=3527"}],"curies":[{"name":"gracias","href":"https:\/\/api.w.org\/{rel}","templated":true}]}}