{"id":19626,"date":"2020-08-27T10:52:42","date_gmt":"2020-08-27T16:52:42","guid":{"rendered":"https:\/\/denverzootemp.org\/?page_id=19626"},"modified":"2026-04-10T10:02:37","modified_gmt":"2026-04-10T16:02:37","slug":"board","status":"publish","type":"page","link":"https:\/\/denverzoo.org\/es\/herd\/board\/","title":{"rendered":"La Manada | Junta"},"content":{"rendered":"<div  class='lhl-section urbi-component urbi-component front_view lhl_comp_width_inherit lhl_spacing_t_09 lhl_spacing_b_09 lhl_spacing_l_00 lhl_spacing_r_00 section-background-t' ><div class=\"urbi-component-inner\">\n    <div class=\"is-layout-constrained\">\n\n<h3 class=\"wp-block-heading\"><strong>Copresidentes ejecutivos<\/strong><\/h3>\n\n\n\n\n\n<div  class='lhl-section urbi-component urbi-component front_view lhl_spacing_t_03 lhl_spacing_b_09 lhl_spacing_l_00 lhl_spacing_r_00 section-background-t urbi-component-bg--white' ><div class=\"urbi-component-inner\">\n    <div class=\"is-layout-constrained\">\n\n\n\n<div  class='urbi\/tiles urbi-component urbi-component front_view' >\n<div class=\"uk-child-width-1-2@s uk-grid-match\" uk-grid>\n    \n\n\n<div>\n\n        <div  class='urbi\/tile urbi-card urbi-card--tile urbi-card--shadow-3' >\n    <div class=\"urbi-tile-inner\">\n                <div class=\"tile-content padding-none\">\n\n\n\n<div  class='lhl-card urbi-component urbi-component front_view lhl_comp_width_inherit lhl_spacing_t_05 lhl_spacing_b_05 lhl_spacing_l_07 lhl_spacing_r_07 section-background-t  lhl_card  lhl_card_shadow_0 lhl_card_radius_0' ><div class=\"urbi-component-inner\">\n    <div class=\"acf-innerblocks-container\">\n\n<figure class=\"wp-block-image size-full\"><img loading=\"lazy\" decoding=\"async\" width=\"550\" height=\"309\" src=\"https:\/\/denverzoo.org\/wp-content\/uploads\/2024\/06\/Chris-Boling-550x550-2-edited.jpg\" alt=\"\" class=\"wp-image-36896\" srcset=\"https:\/\/denverzoo.org\/wp-content\/uploads\/2024\/06\/Chris-Boling-550x550-2-edited.jpg 550w, https:\/\/denverzoo.org\/wp-content\/uploads\/2024\/06\/Chris-Boling-550x550-2-edited-220x124.jpg 220w, https:\/\/denverzoo.org\/wp-content\/uploads\/2024\/06\/Chris-Boling-550x550-2-edited-50x28.jpg 50w, https:\/\/denverzoo.org\/wp-content\/uploads\/2024\/06\/Chris-Boling-550x550-2-edited-18x10.jpg 18w\" sizes=\"auto, (max-width: 550px) 100vw, 550px\" \/><\/figure>\n\n\n\n<h3 class=\"wp-block-heading\"><strong>Chris Boling<\/strong><\/h3>\n\n\n\n<h5 class=\"wp-block-heading\">Copresidente ejecutivo<\/h5>\n\n\n\n<p>Chris Boling es abogado corporativo en Holland &amp; Hart LLP. Su pasi\u00f3n por los animales comenz\u00f3 desde muy joven, con frecuentes visitas al Zool\u00f3gico de Houston y un trabajo de verano en un hospital veterinario. Chris espera que The Herd sirva como plataforma para educar a los miembros sobre la misi\u00f3n de Denver Zoo Conservation Alliance e involucrar a la pr\u00f3xima generaci\u00f3n en el apoyo a la conservaci\u00f3n de la vida silvestre en todo el mundo.<\/p>\n\n<\/div>\n<\/div>\n<\/div>\n<\/div>\n    <\/div>\n    <\/div><\/div>\n\n\n\n<div>\n\n        <div  class='urbi\/tile urbi-card urbi-card--tile urbi-card--shadow-3' >\n    <div class=\"urbi-tile-inner\">\n                <div class=\"tile-content padding-none\">\n\n\n\n<div  class='lhl-card urbi-component urbi-component front_view lhl_comp_width_inherit lhl_spacing_t_05 lhl_spacing_b_05 lhl_spacing_l_07 lhl_spacing_r_07 section-background-t  lhl_card  lhl_card_shadow_0 lhl_card_radius_0' ><div class=\"urbi-component-inner\">\n    <div class=\"acf-innerblocks-container\">\n\n<figure class=\"wp-block-image size-full\"><img loading=\"lazy\" decoding=\"async\" width=\"563\" height=\"317\" src=\"https:\/\/denverzoo.org\/wp-content\/uploads\/2024\/06\/headshot-square-edited.webp\" alt=\"\" class=\"wp-image-36898\" srcset=\"https:\/\/denverzoo.org\/wp-content\/uploads\/2024\/06\/headshot-square-edited.webp 563w, https:\/\/denverzoo.org\/wp-content\/uploads\/2024\/06\/headshot-square-edited-220x124.webp 220w, https:\/\/denverzoo.org\/wp-content\/uploads\/2024\/06\/headshot-square-edited-50x28.webp 50w, https:\/\/denverzoo.org\/wp-content\/uploads\/2024\/06\/headshot-square-edited-18x10.webp 18w\" sizes=\"auto, (max-width: 563px) 100vw, 563px\" \/><\/figure>\n\n\n\n<h3 class=\"wp-block-heading\"><strong>Daniel Nichols<\/strong><\/h3>\n\n\n\n<h5 class=\"wp-block-heading\">Copresidente ejecutivo<\/h5>\n\n\n\n<p>Daniel Nichols es gerente de proyectos en Nichols Partnership, una empresa de desarrollo inmobiliario en Denver. Estudi\u00f3 en la Universidad de Denison en Granville, Ohio, y obtuvo su maestr\u00eda en la Universidad de Colorado. Su pasi\u00f3n por la conservaci\u00f3n proviene de la larga tradici\u00f3n familiar con los zool\u00f3gicos locales, lo que finalmente lo impuls\u00f3 a crear The Herd en DZCA. Considera que los incre\u00edbles esfuerzos que realizan los zool\u00f3gicos en todo el pa\u00eds deben ser reconocidos y continuados, priorizando su importancia en la educaci\u00f3n de las futuras generaciones.<\/p>\n\n<\/div>\n<\/div>\n<\/div>\n<\/div>\n    <\/div>\n    <\/div><\/div>\n\n\n<\/div>\n<\/div>\n<\/div>\n\n<\/div>\n<\/div>\n\n\n\n\n<div  class='lhl-section urbi-component urbi-component front_view lhl_comp_width_inherit lhl_spacing_t_09 lhl_spacing_b_09 lhl_spacing_l_00 lhl_spacing_r_00 section-background-t' ><div class=\"urbi-component-inner\">\n    <div class=\"is-layout-constrained\">\n\n<h3 class=\"wp-block-heading\"><strong>Comit\u00e9 de Eventos<\/strong><\/h3>\n\n\n\n\n\n<div  class='lhl-section urbi-component urbi-component front_view lhl_spacing_t_05 lhl_spacing_b_09 lhl_spacing_l_00 lhl_spacing_r_00 section-background-t urbi-component-bg--white' ><div class=\"urbi-component-inner\">\n    <div class=\"is-layout-constrained\">\n\n\n\n<div  class='urbi\/tiles urbi-component urbi-component front_view lhl_spacing_t_00 lhl_spacing_b_00 lhl_spacing_l_00 lhl_spacing_r_00 section-background-t' >\n<div class=\"uk-child-width-1-3@s uk-grid-match\" uk-grid>\n    \n\n\n<div>\n\n        <div  class='urbi\/tile urbi-card urbi-card--tile urbi-card--shadow-3' >\n    <div class=\"urbi-tile-inner\">\n                <div class=\"tile-content padding-none\">\n\n\n\n<div  class='lhl-card urbi-component urbi-component front_view lhl_comp_width_inherit lhl_spacing_t_05 lhl_spacing_b_02 lhl_spacing_l_05 lhl_spacing_r_05 section-background-t  lhl_card  lhl_card_shadow_0 lhl_card_radius_0' ><div class=\"urbi-component-inner\">\n    <div class=\"acf-innerblocks-container\">\n\n<figure class=\"wp-block-image size-full\"><img loading=\"lazy\" decoding=\"async\" width=\"768\" height=\"576\" src=\"https:\/\/denverzoo.org\/wp-content\/uploads\/2024\/06\/headshot-white-background-square-768x768-1-edited.webp\" alt=\"\" class=\"wp-image-36900\" srcset=\"https:\/\/denverzoo.org\/wp-content\/uploads\/2024\/06\/headshot-white-background-square-768x768-1-edited.webp 768w, https:\/\/denverzoo.org\/wp-content\/uploads\/2024\/06\/headshot-white-background-square-768x768-1-edited-220x165.webp 220w, https:\/\/denverzoo.org\/wp-content\/uploads\/2024\/06\/headshot-white-background-square-768x768-1-edited-50x38.webp 50w, https:\/\/denverzoo.org\/wp-content\/uploads\/2024\/06\/headshot-white-background-square-768x768-1-edited-16x12.webp 16w\" sizes=\"auto, (max-width: 768px) 100vw, 768px\" \/><\/figure>\n\n\n\n<h4 class=\"wp-block-heading has-text-align-left\"><strong>Scott Travis<\/strong><\/h4>\n\n\n\n<p>Scott Travis es el director de investigaci\u00f3n de Orange Ridge Capital. Orange Ridge Capital se especializa en la b\u00fasqueda, estructuraci\u00f3n y gesti\u00f3n de inversiones sostenibles y de alta calidad en activos reales en Am\u00e9rica, Europa y Australasia, donde buscan generar rentabilidades atractivas a partir de terrenos forestales, tierras agr\u00edcolas, agricultura, infraestructura, bienes ra\u00edces y energ\u00edas renovables. Scott es investigador y consultor con experiencia en asesor\u00eda econ\u00f3mica, abarcando temas como el riesgo clim\u00e1tico, el mapeo del panorama geopol\u00edtico, la econom\u00eda circular, la estrategia de crecimiento y la debida diligencia.<\/p>\n\n<\/div>\n<\/div>\n<\/div>\n<\/div>\n    <\/div>\n    <\/div><\/div>\n\n\n\n<div>\n\n        <div  class='urbi\/tile urbi-card urbi-card--tile urbi-card--shadow-3' >\n    <div class=\"urbi-tile-inner\">\n                <div class=\"tile-content padding-none\">\n\n\n\n<div  class='lhl-card urbi-component urbi-component front_view lhl_comp_width_inherit lhl_spacing_t_05 lhl_spacing_b_02 lhl_spacing_l_05 lhl_spacing_r_05 section-background-t  lhl_card  lhl_card_shadow_0 lhl_card_radius_0' ><div class=\"urbi-component-inner\">\n    <div class=\"acf-innerblocks-container\">\n\n<figure class=\"wp-block-image alignfull size-full\"><img loading=\"lazy\" decoding=\"async\" width=\"2560\" height=\"1920\" src=\"https:\/\/denverzoo.org\/wp-content\/uploads\/2025\/04\/photo-1-edited-scaled.jpg\" alt=\"\" class=\"wp-image-41013\" srcset=\"https:\/\/denverzoo.org\/wp-content\/uploads\/2025\/04\/photo-1-edited-scaled.jpg 2560w, https:\/\/denverzoo.org\/wp-content\/uploads\/2025\/04\/photo-1-edited-220x165.jpg 220w, https:\/\/denverzoo.org\/wp-content\/uploads\/2025\/04\/photo-1-edited-1024x768.jpg 1024w, https:\/\/denverzoo.org\/wp-content\/uploads\/2025\/04\/photo-1-edited-768x576.jpg 768w, https:\/\/denverzoo.org\/wp-content\/uploads\/2025\/04\/photo-1-edited-50x37.jpg 50w, https:\/\/denverzoo.org\/wp-content\/uploads\/2025\/04\/photo-1-edited-1600x1200.jpg 1600w, https:\/\/denverzoo.org\/wp-content\/uploads\/2025\/04\/photo-1-edited-1536x1152.jpg 1536w, https:\/\/denverzoo.org\/wp-content\/uploads\/2025\/04\/photo-1-edited-2048x1536.jpg 2048w, https:\/\/denverzoo.org\/wp-content\/uploads\/2025\/04\/photo-1-edited-16x12.jpg 16w\" sizes=\"auto, (max-width: 2560px) 100vw, 2560px\" \/><\/figure>\n\n\n\n<h4 class=\"wp-block-heading has-text-align-left\"><strong>Kelsey Doyle<\/strong><\/h4>\n\n\n\n<p>Kelsey es l\u00edder en estrategia de ciberseguridad con experiencia en estrategia corporativa. Se gradu\u00f3 de la Universidad de Texas en Austin y vive en Denver con su esposo, sus dos hijas peque\u00f1as y su en\u00e9rgico labrador amarillo. Kelsey siente una profunda pasi\u00f3n por la conservaci\u00f3n de la vida silvestre. Cree en el papel vital que desempe\u00f1an los zool\u00f3gicos en la protecci\u00f3n de las especies en peligro de extinci\u00f3n, la educaci\u00f3n p\u00fablica y el apoyo a las iniciativas globales de conservaci\u00f3n. Ya sea visitando zool\u00f3gicos locales, abogando por el bienestar animal o explorando la naturaleza, disfruta conectando con la naturaleza e inspirando a otros a hacer lo mismo.<\/p>\n\n<\/div>\n<\/div>\n<\/div>\n<\/div>\n    <\/div>\n    <\/div><\/div>\n\n\n\n<div>\n\n        <div  class='urbi\/tile urbi-card urbi-card--tile urbi-card--shadow-3' >\n    <div class=\"urbi-tile-inner\">\n                <div class=\"tile-content padding-none\">\n\n\n\n<div  class='lhl-card urbi-component urbi-component front_view lhl_comp_width_inherit lhl_spacing_t_05 lhl_spacing_b_02 lhl_spacing_l_05 lhl_spacing_r_05 section-background-t  lhl_card  lhl_card_shadow_0 lhl_card_radius_0' ><div class=\"urbi-component-inner\">\n    <div class=\"acf-innerblocks-container\">\n\n<figure class=\"wp-block-image alignfull size-full\"><img loading=\"lazy\" decoding=\"async\" width=\"550\" height=\"413\" src=\"https:\/\/denverzoo.org\/wp-content\/uploads\/2024\/06\/HERD-headshot-HC-550x550-1-edited.jpg\" alt=\"\" class=\"wp-image-36912\" srcset=\"https:\/\/denverzoo.org\/wp-content\/uploads\/2024\/06\/HERD-headshot-HC-550x550-1-edited.jpg 550w, https:\/\/denverzoo.org\/wp-content\/uploads\/2024\/06\/HERD-headshot-HC-550x550-1-edited-220x165.jpg 220w, https:\/\/denverzoo.org\/wp-content\/uploads\/2024\/06\/HERD-headshot-HC-550x550-1-edited-50x38.jpg 50w, https:\/\/denverzoo.org\/wp-content\/uploads\/2024\/06\/HERD-headshot-HC-550x550-1-edited-16x12.jpg 16w\" sizes=\"auto, (max-width: 550px) 100vw, 550px\" \/><\/figure>\n\n\n\n<h4 class=\"wp-block-heading has-text-align-left\"><strong>Hayden Cullen<\/strong><\/h4>\n\n\n\n<p>Hayden es originario de Colorado y actualmente vive a solo una cuadra de DZCA, en el barrio de Whittier, donde reside desde hace seis a\u00f1os. Antes de regresar a Colorado, pas\u00f3 una d\u00e9cada en el noroeste del Pac\u00edfico y California. Hayden es el Director de Desarrollo de Negocios de Cardinal Group Companies, una empresa con sede en Colorado dedicada al desarrollo, adquisici\u00f3n y administraci\u00f3n de viviendas multifamiliares. Fuera del trabajo, Hayden suele esquiar con sus amigos, pasear a su perra Lady May o planificar su pr\u00f3ximo viaje. Su amor por los animales lo ha acompa\u00f1ado toda la vida, y est\u00e1 encantado de unirse a un grupo tan admirable de personas que comparten su misma pasi\u00f3n.<\/p>\n\n<\/div>\n<\/div>\n<\/div>\n<\/div>\n    <\/div>\n    <\/div><\/div>\n\n\n<\/div>\n<\/div>\n<\/div>\n\n<\/div>\n<\/div>\n\n\n\n\n<div  class='lhl-section urbi-component urbi-component front_view lhl_spacing_t_01 lhl_spacing_b_09 lhl_spacing_l_00 lhl_spacing_r_00 section-background-t urbi-component-bg--white' ><div class=\"urbi-component-inner\">\n    <div class=\"is-layout-constrained\">\n\n\n\n<div  class='urbi\/tiles urbi-component urbi-component front_view lhl_spacing_t_00 lhl_spacing_b_00 lhl_spacing_l_00 lhl_spacing_r_00 section-background-t' >\n<div class=\"uk-child-width-1-3@s uk-grid-match\" uk-grid>\n    \n\n\n<div>\n\n        <div  class='urbi\/tile urbi-card urbi-card--tile urbi-card--shadow-3' >\n    <div class=\"urbi-tile-inner\">\n                <div class=\"tile-content padding-none\">\n\n\n\n<div  class='lhl-card urbi-component urbi-component front_view lhl_comp_width_inherit lhl_spacing_t_05 lhl_spacing_b_02 lhl_spacing_l_05 lhl_spacing_r_05 section-background-t  lhl_card  lhl_card_shadow_0 lhl_card_radius_0' ><div class=\"urbi-component-inner\">\n    <div class=\"acf-innerblocks-container\">\n\n<figure class=\"wp-block-image alignwide size-full\"><img loading=\"lazy\" decoding=\"async\" width=\"320\" height=\"240\" src=\"https:\/\/denverzoo.org\/wp-content\/uploads\/2026\/04\/Tenaya-Herd-Parliament-Photo-2.png\" alt=\"\" class=\"wp-image-45182\" srcset=\"https:\/\/denverzoo.org\/wp-content\/uploads\/2026\/04\/Tenaya-Herd-Parliament-Photo-2.png 320w, https:\/\/denverzoo.org\/wp-content\/uploads\/2026\/04\/Tenaya-Herd-Parliament-Photo-2-220x165.png 220w, https:\/\/denverzoo.org\/wp-content\/uploads\/2026\/04\/Tenaya-Herd-Parliament-Photo-2-50x38.png 50w, https:\/\/denverzoo.org\/wp-content\/uploads\/2026\/04\/Tenaya-Herd-Parliament-Photo-2-16x12.png 16w\" sizes=\"auto, (max-width: 320px) 100vw, 320px\" \/><\/figure>\n\n\n\n<h4 class=\"wp-block-heading has-text-align-left\"><strong>Tenaya Harrison-Morelock<\/strong><\/h4>\n\n\n\n<p>Tenaya Harrison-Morelock es asesora de clientes en la banca privada de JP Morgan. Se mud\u00f3 a Colorado en 2015 para estudiar en la Universidad de Colorado Boulder y actualmente vive en Littleton con su prometido y sus dos perros. Apasionada del esqu\u00ed y la equitaci\u00f3n desde siempre, los animales y la naturaleza siempre han sido una parte importante de su vida. Se siente honrada de ser embajadora del DZCA como miembro de la Manada, inspirando a la comunidad a participar en la misi\u00f3n del zool\u00f3gico de promover la conservaci\u00f3n y la educaci\u00f3n para que las futuras generaciones puedan seguir aprendiendo y disfrutando de la vida silvestre.<\/p>\n\n<\/div>\n<\/div>\n<\/div>\n<\/div>\n    <\/div>\n    <\/div><\/div>\n\n\n\n<div>\n\n        <div  class='urbi\/tile urbi-card urbi-card--tile urbi-card--shadow-3' >\n    <div class=\"urbi-tile-inner\">\n                <div class=\"tile-content padding-none\">\n\n\n\n<div  class='lhl-card urbi-component urbi-component front_view lhl_comp_width_inherit lhl_spacing_t_05 lhl_spacing_b_02 lhl_spacing_l_05 lhl_spacing_r_05 section-background-t  lhl_card  lhl_card_shadow_0 lhl_card_radius_0' ><div class=\"urbi-component-inner\">\n    <div class=\"acf-innerblocks-container\">\n\n<figure class=\"wp-block-image alignwide size-full\"><img loading=\"lazy\" decoding=\"async\" width=\"1536\" height=\"1152\" src=\"https:\/\/denverzoo.org\/wp-content\/uploads\/2025\/04\/IMG_1061-edited.jpg\" alt=\"\" class=\"wp-image-41011\" srcset=\"https:\/\/denverzoo.org\/wp-content\/uploads\/2025\/04\/IMG_1061-edited.jpg 1536w, https:\/\/denverzoo.org\/wp-content\/uploads\/2025\/04\/IMG_1061-edited-220x165.jpg 220w, https:\/\/denverzoo.org\/wp-content\/uploads\/2025\/04\/IMG_1061-edited-1024x768.jpg 1024w, https:\/\/denverzoo.org\/wp-content\/uploads\/2025\/04\/IMG_1061-edited-768x576.jpg 768w, https:\/\/denverzoo.org\/wp-content\/uploads\/2025\/04\/IMG_1061-edited-50x38.jpg 50w, https:\/\/denverzoo.org\/wp-content\/uploads\/2025\/04\/IMG_1061-edited-16x12.jpg 16w\" sizes=\"auto, (max-width: 1536px) 100vw, 1536px\" \/><\/figure>\n\n\n\n<h4 class=\"wp-block-heading has-text-align-left\"><strong>Valerie Nelson-Ray<\/strong><\/h4>\n\n\n\n<p>Valerie Nelson-Ray es la vicepresidenta de Operaciones Comerciales de Finalsite. Aunque Valerie cambi\u00f3 su sue\u00f1o infantil de ser veterinaria tras crecer en la zona rural de Wisconsin por trabajar en el sector tecnol\u00f3gico, su pasi\u00f3n por los animales se mantuvo intacta. A Valerie le encanta explorar el zool\u00f3gico con su familia y le gusta especialmente que The Herd ofrezca un foro para j\u00f3venes profesionales apasionados por los animales, la conservaci\u00f3n y el deseo de generar un impacto positivo en la comunidad de Denver y m\u00e1s all\u00e1, para as\u00ed dar a conocer la incre\u00edble labor de DZCA.<\/p>\n\n<\/div>\n<\/div>\n<\/div>\n<\/div>\n    <\/div>\n    <\/div><\/div>\n\n\n\n<div>\n\n        <div  class='urbi\/tile urbi-card urbi-card--tile urbi-card--shadow-3' >\n    <div class=\"urbi-tile-inner\">\n                <div class=\"tile-content padding-none\">\n\n\n\n<div  class='lhl-card urbi-component urbi-component front_view lhl_comp_width_inherit lhl_spacing_t_05 lhl_spacing_b_02 lhl_spacing_l_05 lhl_spacing_r_05 section-background-t  lhl_card  lhl_card_shadow_0 lhl_card_radius_0' ><div class=\"urbi-component-inner\">\n    <div class=\"acf-innerblocks-container\">\n\n<figure class=\"wp-block-image size-full\"><img loading=\"lazy\" decoding=\"async\" width=\"550\" height=\"413\" src=\"https:\/\/denverzoo.org\/wp-content\/uploads\/2024\/06\/IMG_3537-550x550-1-edited.jpg\" alt=\"\" class=\"wp-image-36910\" srcset=\"https:\/\/denverzoo.org\/wp-content\/uploads\/2024\/06\/IMG_3537-550x550-1-edited.jpg 550w, https:\/\/denverzoo.org\/wp-content\/uploads\/2024\/06\/IMG_3537-550x550-1-edited-220x165.jpg 220w, https:\/\/denverzoo.org\/wp-content\/uploads\/2024\/06\/IMG_3537-550x550-1-edited-50x38.jpg 50w, https:\/\/denverzoo.org\/wp-content\/uploads\/2024\/06\/IMG_3537-550x550-1-edited-16x12.jpg 16w\" sizes=\"auto, (max-width: 550px) 100vw, 550px\" \/><\/figure>\n\n\n\n<h4 class=\"wp-block-heading\"><strong>Ben Rosenthal<\/strong><\/h4>\n\n\n\n<p>Ben Rosenthal es consultor de redes en AT&amp;T. Creci\u00f3 en los suburbios de Chicago y de ni\u00f1o le encantaba ir al zool\u00f3gico de Brookfield. Su amor por los zool\u00f3gicos y su pasi\u00f3n por la conservaci\u00f3n surgieron desde temprana edad, y desde que se mud\u00f3 a Denver en 2021, Ben est\u00e1 encantado de poder involucrarse m\u00e1s con DZCA. Adem\u00e1s de ser miembro de la asociaci\u00f3n de padres, Ben tambi\u00e9n es voluntario en el departamento de Atenci\u00f3n al Visitante del zool\u00f3gico. Cuando no est\u00e1 trabajando ni en el zool\u00f3gico, a Ben le encanta esquiar, hacer senderismo y pasear a su perro por la ciudad.<\/p>\n\n<\/div>\n<\/div>\n<\/div>\n<\/div>\n    <\/div>\n    <\/div><\/div>\n\n\n<\/div>\n<\/div>\n<\/div>\n\n<\/div>\n<\/div>\n\n\n\n\n<div  class='lhl-section urbi-component urbi-component front_view lhl_spacing_t_01 lhl_spacing_b_09 lhl_spacing_l_00 lhl_spacing_r_00 section-background-t urbi-component-bg--white' ><div class=\"urbi-component-inner\">\n    <div class=\"is-layout-constrained\">\n\n\n\n<div  class='urbi\/tiles urbi-component urbi-component front_view lhl_spacing_t_00 lhl_spacing_b_00 lhl_spacing_l_00 lhl_spacing_r_00 section-background-t' >\n<div class=\"uk-child-width-1-3@s uk-grid-match\" uk-grid>\n    \n\n\n<div>\n\n        <div  class='urbi\/tile urbi-card urbi-card--tile urbi-card--shadow-3' >\n    <div class=\"urbi-tile-inner\">\n                <div class=\"tile-content padding-none\">\n\n\n\n<div  class='lhl-card urbi-component urbi-component front_view lhl_comp_width_inherit lhl_spacing_t_05 lhl_spacing_b_02 lhl_spacing_l_05 lhl_spacing_r_05 section-background-t  lhl_card  lhl_card_shadow_0 lhl_card_radius_0' ><div class=\"urbi-component-inner\">\n    <div class=\"acf-innerblocks-container\">\n\n<figure class=\"wp-block-image size-full\"><img loading=\"lazy\" decoding=\"async\" width=\"1536\" height=\"1152\" src=\"https:\/\/denverzoo.org\/wp-content\/uploads\/2026\/04\/Eric-Hess-Herd-Parliament-Photo.png\" alt=\"\" class=\"wp-image-45175\" srcset=\"https:\/\/denverzoo.org\/wp-content\/uploads\/2026\/04\/Eric-Hess-Herd-Parliament-Photo.png 1536w, https:\/\/denverzoo.org\/wp-content\/uploads\/2026\/04\/Eric-Hess-Herd-Parliament-Photo-220x165.png 220w, https:\/\/denverzoo.org\/wp-content\/uploads\/2026\/04\/Eric-Hess-Herd-Parliament-Photo-1024x768.png 1024w, https:\/\/denverzoo.org\/wp-content\/uploads\/2026\/04\/Eric-Hess-Herd-Parliament-Photo-768x576.png 768w, https:\/\/denverzoo.org\/wp-content\/uploads\/2026\/04\/Eric-Hess-Herd-Parliament-Photo-50x38.png 50w, https:\/\/denverzoo.org\/wp-content\/uploads\/2026\/04\/Eric-Hess-Herd-Parliament-Photo-16x12.png 16w\" sizes=\"auto, (max-width: 1536px) 100vw, 1536px\" \/><\/figure>\n\n\n\n<h4 class=\"wp-block-heading has-text-align-left\"><strong>Eric Hess<\/strong><\/h4>\n\n\n\n<p>Eric es Gerente de \u00c9xito del Cliente en 2U, donde gestiona y apoya a varias universidades asociadas en la conversi\u00f3n de sus programas de posgrado presenciales a formatos en l\u00ednea. Tambi\u00e9n acompa\u00f1a a los estudiantes de posgrado a lo largo de su trayectoria acad\u00e9mica, sirviendo de enlace entre los estudiantes, la universidad y 2U para coordinar recursos e intervenir proactivamente con el fin de mejorar la retenci\u00f3n y la experiencia general del estudiante. Se uni\u00f3 a The Herd para ampliar su c\u00edrculo social y conectar con personas que comparten valores similares. Tiene una licenciatura en estudios ambientales, por lo que formar parte de un grupo que se preocupa por la sostenibilidad y la conservaci\u00f3n de la vida silvestre es muy importante para \u00e9l. Valora la comunidad de The Herd por su conciencia social y su ambiente acogedor.<\/p>\n\n<\/div>\n<\/div>\n<\/div>\n<\/div>\n    <\/div>\n    <\/div><\/div>\n\n\n<\/div>\n<\/div>\n<\/div>\n\n<\/div>\n<\/div>\n<\/div>\n\n<\/div>\n<\/div>\n\n\n\n\n<div  class='lhl-section urbi-component urbi-component front_view lhl_comp_width_inherit lhl_spacing_t_09 lhl_spacing_b_09 lhl_spacing_l_00 lhl_spacing_r_00 section-background-t' ><div class=\"urbi-component-inner\">\n    <div class=\"is-layout-constrained\">\n\n<h3 class=\"wp-block-heading\"><strong>Comite de finanzas<\/strong><\/h3>\n\n\n\n\n\n<div  class='lhl-section urbi-component urbi-component front_view lhl_spacing_t_05 lhl_spacing_b_09 lhl_spacing_l_00 lhl_spacing_r_00 section-background-t urbi-component-bg--white' ><div class=\"urbi-component-inner\">\n    <div class=\"is-layout-constrained\">\n\n\n\n<div  class='urbi\/tiles urbi-component urbi-component front_view lhl_spacing_t_00 lhl_spacing_b_00 lhl_spacing_l_00 lhl_spacing_r_00 section-background-t' >\n<div class=\"uk-child-width-1-3@s uk-grid-match\" uk-grid>\n    \n\n\n<div>\n\n        <div  class='urbi\/tile urbi-card urbi-card--tile urbi-card--shadow-3' >\n    <div class=\"urbi-tile-inner\">\n                <div class=\"tile-content padding-none\">\n\n\n\n<div  class='lhl-card urbi-component urbi-component front_view lhl_comp_width_inherit lhl_spacing_t_05 lhl_spacing_b_02 lhl_spacing_l_05 lhl_spacing_r_05 section-background-t  lhl_card  lhl_card_shadow_0 lhl_card_radius_0' ><div class=\"urbi-component-inner\">\n    <div class=\"acf-innerblocks-container\">\n\n<figure class=\"wp-block-image size-full\"><img loading=\"lazy\" decoding=\"async\" width=\"550\" height=\"413\" src=\"https:\/\/denverzoo.org\/wp-content\/uploads\/2024\/06\/Herd-Headshot-Robbie-550x550-1-edited.jpg\" alt=\"\" class=\"wp-image-36914\" srcset=\"https:\/\/denverzoo.org\/wp-content\/uploads\/2024\/06\/Herd-Headshot-Robbie-550x550-1-edited.jpg 550w, https:\/\/denverzoo.org\/wp-content\/uploads\/2024\/06\/Herd-Headshot-Robbie-550x550-1-edited-220x165.jpg 220w, https:\/\/denverzoo.org\/wp-content\/uploads\/2024\/06\/Herd-Headshot-Robbie-550x550-1-edited-50x38.jpg 50w, https:\/\/denverzoo.org\/wp-content\/uploads\/2024\/06\/Herd-Headshot-Robbie-550x550-1-edited-16x12.jpg 16w\" sizes=\"auto, (max-width: 550px) 100vw, 550px\" \/><\/figure>\n\n\n\n<h4 class=\"wp-block-heading has-text-align-left\"><strong>Robbie Nichols<\/strong><\/h4>\n\n\n\n<p>Robbie Nichols es gerente de proyectos de desarrollo inmobiliario en Nichols Partnership, empresa especializada en la regeneraci\u00f3n urbana y la rehabilitaci\u00f3n de edificios. Su madre forma parte del Consejo de Liderazgo de la Alianza para la Conservaci\u00f3n del Zool\u00f3gico de Denver (DZCA). Robbie ha sentido pasi\u00f3n por los animales desde siempre y creci\u00f3 visitando el zool\u00f3gico. Es un firme defensor de la DZCA y su misi\u00f3n, y est\u00e1 deseoso de contribuir a su \u00e9xito futuro.<\/p>\n\n<\/div>\n<\/div>\n<\/div>\n<\/div>\n    <\/div>\n    <\/div><\/div>\n\n\n\n<div>\n\n        <div  class='urbi\/tile urbi-card urbi-card--tile urbi-card--shadow-3' >\n    <div class=\"urbi-tile-inner\">\n                <div class=\"tile-content padding-none\">\n\n\n\n<div  class='lhl-card urbi-component urbi-component front_view lhl_comp_width_inherit lhl_spacing_t_05 lhl_spacing_b_02 lhl_spacing_l_05 lhl_spacing_r_05 section-background-t  lhl_card  lhl_card_shadow_0 lhl_card_radius_0' ><div class=\"urbi-component-inner\">\n    <div class=\"acf-innerblocks-container\">\n\n<figure class=\"wp-block-image size-full\"><img loading=\"lazy\" decoding=\"async\" width=\"550\" height=\"413\" src=\"https:\/\/denverzoo.org\/wp-content\/uploads\/2024\/06\/Napheys-Elephant-Headshot-550x550-1-edited.jpg\" alt=\"\" class=\"wp-image-36916\" srcset=\"https:\/\/denverzoo.org\/wp-content\/uploads\/2024\/06\/Napheys-Elephant-Headshot-550x550-1-edited.jpg 550w, https:\/\/denverzoo.org\/wp-content\/uploads\/2024\/06\/Napheys-Elephant-Headshot-550x550-1-edited-220x165.jpg 220w, https:\/\/denverzoo.org\/wp-content\/uploads\/2024\/06\/Napheys-Elephant-Headshot-550x550-1-edited-50x38.jpg 50w, https:\/\/denverzoo.org\/wp-content\/uploads\/2024\/06\/Napheys-Elephant-Headshot-550x550-1-edited-16x12.jpg 16w\" sizes=\"auto, (max-width: 550px) 100vw, 550px\" \/><\/figure>\n\n\n\n<h4 class=\"wp-block-heading has-text-align-left\"><strong>Lauren Napheys<\/strong><\/h4>\n\n\n\n<p>Lauren Napheys es gerente en KPMG, en su \u00e1rea de asesor\u00eda de transacciones. Es contadora p\u00fablica certificada y se especializa en temas de contabilidad t\u00e9cnica para empresas de servicios financieros globales. Lauren es originaria de Denver y obtuvo su licenciatura y maestr\u00eda en la Escuela de Negocios Leeds de la Universidad de Colorado Boulder. \u00a1Vamos, Buffs! A Lauren le apasiona ayudar a los animales y cree que la educaci\u00f3n y la conservaci\u00f3n animal son cada vez m\u00e1s importantes a medida que los h\u00e1bitats alrededor del mundo se superponen. Est\u00e1 ansiosa por trabajar con los miembros de la manada y el personal de DZCA para promover activamente nuestra misi\u00f3n.<\/p>\n\n<\/div>\n<\/div>\n<\/div>\n<\/div>\n    <\/div>\n    <\/div><\/div>\n\n\n<\/div>\n<\/div>\n<\/div>\n\n<\/div>\n<\/div>\n<\/div>\n\n<\/div>\n<\/div>\n\n\n\n\n<div  class='lhl-section urbi-component urbi-component front_view lhl_comp_width_inherit lhl_spacing_t_09 lhl_spacing_b_09 lhl_spacing_l_00 lhl_spacing_r_00 section-background-t' ><div class=\"urbi-component-inner\">\n    <div class=\"is-layout-constrained\">\n\n<h3 class=\"wp-block-heading\"><strong>Comit\u00e9 de membres\u00eda y marketing<\/strong><\/h3>\n\n\n\n\n\n<div  class='lhl-section urbi-component urbi-component front_view lhl_spacing_t_05 lhl_spacing_b_09 lhl_spacing_l_00 lhl_spacing_r_00 section-background-t urbi-component-bg--white' ><div class=\"urbi-component-inner\">\n    <div class=\"is-layout-constrained\">\n\n\n\n<div  class='urbi\/tiles urbi-component urbi-component front_view lhl_spacing_t_00 lhl_spacing_b_00 lhl_spacing_l_00 lhl_spacing_r_00 section-background-t' >\n<div class=\"uk-child-width-1-3@s uk-grid-match\" uk-grid>\n    \n\n\n<div>\n\n        <div  class='urbi\/tile urbi-card urbi-card--tile urbi-card--shadow-3' >\n    <div class=\"urbi-tile-inner\">\n                <div class=\"tile-content padding-none\">\n\n\n\n<div  class='lhl-card urbi-component urbi-component front_view lhl_comp_width_inherit lhl_spacing_t_05 lhl_spacing_b_02 lhl_spacing_l_05 lhl_spacing_r_05 section-background-t  lhl_card  lhl_card_shadow_0 lhl_card_radius_0' ><div class=\"urbi-component-inner\">\n    <div class=\"acf-innerblocks-container\">\n\n<figure class=\"wp-block-image alignwide size-full\"><img loading=\"lazy\" decoding=\"async\" width=\"1926\" height=\"1444\" src=\"https:\/\/denverzoo.org\/wp-content\/uploads\/2025\/01\/updated-headshot-edited.jpg\" alt=\"\" class=\"wp-image-40013\" srcset=\"https:\/\/denverzoo.org\/wp-content\/uploads\/2025\/01\/updated-headshot-edited.jpg 1926w, https:\/\/denverzoo.org\/wp-content\/uploads\/2025\/01\/updated-headshot-edited-220x165.jpg 220w, https:\/\/denverzoo.org\/wp-content\/uploads\/2025\/01\/updated-headshot-edited-1024x768.jpg 1024w, https:\/\/denverzoo.org\/wp-content\/uploads\/2025\/01\/updated-headshot-edited-768x576.jpg 768w, https:\/\/denverzoo.org\/wp-content\/uploads\/2025\/01\/updated-headshot-edited-50x37.jpg 50w, https:\/\/denverzoo.org\/wp-content\/uploads\/2025\/01\/updated-headshot-edited-1600x1200.jpg 1600w, https:\/\/denverzoo.org\/wp-content\/uploads\/2025\/01\/updated-headshot-edited-1536x1152.jpg 1536w, https:\/\/denverzoo.org\/wp-content\/uploads\/2025\/01\/updated-headshot-edited-16x12.jpg 16w\" sizes=\"auto, (max-width: 1926px) 100vw, 1926px\" \/><\/figure>\n\n\n\n<h4 class=\"wp-block-heading\"><strong>Mar\u00eda Boling<\/strong><\/h4>\n\n\n\n<p><strong><em>Comit\u00e9 <\/em><\/strong><em><strong>Role: <\/strong>Soporte y seguimiento de membres\u00edas<\/em><\/p>\n\n\n\n<p>Mary Boling es asociada de la Corporate Energy Buyers Association (CEBA). Al crecer en Filadelfia, el zool\u00f3gico fue una parte importante de la infancia de Mary, y ahora est\u00e1 entusiasmada de formar parte de DZCA como miembro de la junta directiva de The Herd. Espera que The Herd brinde oportunidades para que las personas participen y apoyen la misi\u00f3n de DZCA de <em>Inspirar a las comunidades a salvar la vida silvestre para las generaciones futuras<\/em>.<\/p>\n\n<\/div>\n<\/div>\n<\/div>\n<\/div>\n    <\/div>\n    <\/div><\/div>\n\n\n\n<div>\n\n        <div  class='urbi\/tile urbi-card urbi-card--tile urbi-card--shadow-3' >\n    <div class=\"urbi-tile-inner\">\n                <div class=\"tile-content padding-none\">\n\n\n\n<div  class='lhl-card urbi-component urbi-component front_view lhl_comp_width_inherit lhl_spacing_t_05 lhl_spacing_b_02 lhl_spacing_l_05 lhl_spacing_r_05 section-background-t  lhl_card  lhl_card_shadow_0 lhl_card_radius_0' ><div class=\"urbi-component-inner\">\n    <div class=\"acf-innerblocks-container\">\n\n<figure class=\"wp-block-image size-full\"><img loading=\"lazy\" decoding=\"async\" width=\"768\" height=\"576\" src=\"https:\/\/denverzoo.org\/wp-content\/uploads\/2024\/06\/headshot-square-768x768-1-edited.jpg\" alt=\"\" class=\"wp-image-36920\" srcset=\"https:\/\/denverzoo.org\/wp-content\/uploads\/2024\/06\/headshot-square-768x768-1-edited.jpg 768w, https:\/\/denverzoo.org\/wp-content\/uploads\/2024\/06\/headshot-square-768x768-1-edited-220x165.jpg 220w, https:\/\/denverzoo.org\/wp-content\/uploads\/2024\/06\/headshot-square-768x768-1-edited-50x38.jpg 50w, https:\/\/denverzoo.org\/wp-content\/uploads\/2024\/06\/headshot-square-768x768-1-edited-16x12.jpg 16w\" sizes=\"auto, (max-width: 768px) 100vw, 768px\" \/><\/figure>\n\n\n\n<h4 class=\"wp-block-heading has-text-align-left\"><strong>Peter Biberstein<\/strong><\/h4>\n\n\n\n<p><em><strong>Rol del Comit\u00e9:<\/strong> Miembros que expiran<\/em><\/p>\n\n\n\n<p>Peter Biberstein es el Asesor Jur\u00eddico General y Vicepresidente de Asuntos Comerciales de Care Solace, Inc., un servicio de coordinaci\u00f3n de atenci\u00f3n de salud mental cuya misi\u00f3n es mejorar el acceso a la atenci\u00f3n m\u00e9dica sin importar las circunstancias. Peter y su familia se mudaron a Denver en 2020 desde Washington, D.C. Peter creci\u00f3 en Manhattan, Kansas, y las visitas al Zool\u00f3gico Sunset (y a la Alianza para la Conservaci\u00f3n del Zool\u00f3gico de Denver cuando pasaba por Colorado) fueron frecuentes durante su infancia. A Peter le apasiona la misi\u00f3n de la Alianza para la Conservaci\u00f3n del Zool\u00f3gico de Denver de salvar la vida silvestre para las generaciones futuras y se uni\u00f3 a The Herd para compartir esta pasi\u00f3n y apoyar a la Alianza en sus esfuerzos de educaci\u00f3n y conservaci\u00f3n.<\/p>\n\n<\/div>\n<\/div>\n<\/div>\n<\/div>\n    <\/div>\n    <\/div><\/div>\n\n\n\n<div>\n\n        <div  class='urbi\/tile urbi-card urbi-card--tile urbi-card--shadow-3' >\n    <div class=\"urbi-tile-inner\">\n                <div class=\"tile-content padding-none\">\n\n\n\n<div  class='lhl-card urbi-component urbi-component front_view lhl_comp_width_inherit lhl_spacing_t_05 lhl_spacing_b_02 lhl_spacing_l_05 lhl_spacing_r_05 section-background-t  lhl_card  lhl_card_shadow_0 lhl_card_radius_0' ><div class=\"urbi-component-inner\">\n    <div class=\"acf-innerblocks-container\">\n\n<figure class=\"wp-block-image alignfull size-full\"><img loading=\"lazy\" decoding=\"async\" width=\"768\" height=\"576\" src=\"https:\/\/denverzoo.org\/wp-content\/uploads\/2024\/06\/BEN_0136-square-768x768-1-edited.jpg\" alt=\"\" class=\"wp-image-36926\" srcset=\"https:\/\/denverzoo.org\/wp-content\/uploads\/2024\/06\/BEN_0136-square-768x768-1-edited.jpg 768w, https:\/\/denverzoo.org\/wp-content\/uploads\/2024\/06\/BEN_0136-square-768x768-1-edited-220x165.jpg 220w, https:\/\/denverzoo.org\/wp-content\/uploads\/2024\/06\/BEN_0136-square-768x768-1-edited-50x38.jpg 50w, https:\/\/denverzoo.org\/wp-content\/uploads\/2024\/06\/BEN_0136-square-768x768-1-edited-16x12.jpg 16w\" sizes=\"auto, (max-width: 768px) 100vw, 768px\" \/><\/figure>\n\n\n\n<h4 class=\"wp-block-heading has-text-align-left\"><strong>Vicky Rin<\/strong><\/h4>\n\n\n\n<p><em><strong>Rol del Comit\u00e9: <\/strong>Miembros actuales<\/em><\/p>\n\n\n\n<p>Vicky Rhine es la directora del Programa de Inter\u00e9s en Salud de Denver Health. Desde el inicio de su carrera, Vicky ha gestionado programas para estudiantes de diversos niveles acad\u00e9micos y ha dise\u00f1ado planes de estudio sobre preparaci\u00f3n universitaria y profesional, as\u00ed como sobre equidad y acceso a la salud. Desde que se mud\u00f3 a Denver desde los suburbios de Chicago en 2021, Vicky ha disfrutado enormemente de su participaci\u00f3n en DZCA a trav\u00e9s del voluntariado y The Herd. Vicky est\u00e1 entusiasmada por seguir contribuyendo a la misi\u00f3n del zool\u00f3gico como miembro del parlamento de The Herd. Extrovertida por naturaleza, a Vicky le encanta conocer gente nueva y explorar lugares nuevos. Tambi\u00e9n disfruta leyendo novelas de misterio, observando aves en sus excursiones y probando nuevas recetas.<\/p>\n\n<\/div>\n<\/div>\n<\/div>\n<\/div>\n    <\/div>\n    <\/div><\/div>\n\n\n<\/div>\n<\/div>\n<\/div>\n\n<\/div>\n<\/div>\n\n\n\n\n<div  class='lhl-section urbi-component urbi-component front_view lhl_spacing_t_01 lhl_spacing_b_09 lhl_spacing_l_00 lhl_spacing_r_00 section-background-t urbi-component-bg--white' ><div class=\"urbi-component-inner\">\n    <div class=\"is-layout-constrained\">\n\n\n\n<div  class='urbi\/tiles urbi-component urbi-component front_view lhl_spacing_t_00 lhl_spacing_b_00 lhl_spacing_l_00 lhl_spacing_r_00 section-background-t' >\n<div class=\"uk-child-width-1-3@s uk-grid-match\" uk-grid>\n    \n\n\n<div>\n\n        <div  class='urbi\/tile urbi-card urbi-card--tile urbi-card--shadow-3' >\n    <div class=\"urbi-tile-inner\">\n                <div class=\"tile-content padding-none\">\n\n\n\n<div  class='lhl-card urbi-component urbi-component front_view lhl_comp_width_inherit lhl_spacing_t_05 lhl_spacing_b_02 lhl_spacing_l_05 lhl_spacing_r_05 section-background-t  lhl_card  lhl_card_shadow_0 lhl_card_radius_0' ><div class=\"urbi-component-inner\">\n    <div class=\"acf-innerblocks-container\">\n\n<figure class=\"wp-block-image size-full\"><img loading=\"lazy\" decoding=\"async\" width=\"1536\" height=\"1152\" src=\"https:\/\/denverzoo.org\/wp-content\/uploads\/2025\/04\/photo-edited.jpg\" alt=\"\" class=\"wp-image-41010\" srcset=\"https:\/\/denverzoo.org\/wp-content\/uploads\/2025\/04\/photo-edited.jpg 1536w, https:\/\/denverzoo.org\/wp-content\/uploads\/2025\/04\/photo-edited-220x165.jpg 220w, https:\/\/denverzoo.org\/wp-content\/uploads\/2025\/04\/photo-edited-1024x768.jpg 1024w, https:\/\/denverzoo.org\/wp-content\/uploads\/2025\/04\/photo-edited-768x576.jpg 768w, https:\/\/denverzoo.org\/wp-content\/uploads\/2025\/04\/photo-edited-50x38.jpg 50w, https:\/\/denverzoo.org\/wp-content\/uploads\/2025\/04\/photo-edited-16x12.jpg 16w\" sizes=\"auto, (max-width: 1536px) 100vw, 1536px\" \/><\/figure>\n\n\n\n<h4 class=\"wp-block-heading has-text-align-left\"><strong>Sam Rydzik<\/strong><\/h4>\n\n\n\n<p><em><strong>Rol del Comit\u00e9: <\/strong>Soporte de mercadeo<\/em><\/p>\n\n\n\n<p>Sam es administradora de oficina en Anderson Hemmat. Se mud\u00f3 de Florida a Denver en 2024 con su novio e inmediatamente se enamor\u00f3 de Denver Zoo Conservation Alliance y su misi\u00f3n. Siempre le han interesado los animales, y ha sido voluntaria en zool\u00f3gicos y refugios en su ciudad natal de Florida. Fuera de su trabajo, a Sam le gusta jugar s\u00f3ftbol y descubrir nuevos lugares para explorar en Colorado. Sam espera seguir cultivando su pasi\u00f3n por los animales y la conservaci\u00f3n uni\u00e9ndose a The Herd Parliament.<\/p>\n\n<\/div>\n<\/div>\n<\/div>\n<\/div>\n    <\/div>\n    <\/div><\/div>\n\n\n\n<div>\n\n        <div  class='urbi\/tile urbi-card urbi-card--tile urbi-card--shadow-3' >\n    <div class=\"urbi-tile-inner\">\n                <div class=\"tile-content padding-none\">\n\n\n\n<div  class='lhl-card urbi-component urbi-component front_view lhl_comp_width_inherit lhl_spacing_t_05 lhl_spacing_b_02 lhl_spacing_l_05 lhl_spacing_r_05 section-background-t  lhl_card  lhl_card_shadow_0 lhl_card_radius_0' ><div class=\"urbi-component-inner\">\n    <div class=\"acf-innerblocks-container\">\n\n<figure class=\"wp-block-image size-full\"><img loading=\"lazy\" decoding=\"async\" width=\"1536\" height=\"1152\" src=\"https:\/\/denverzoo.org\/wp-content\/uploads\/2026\/04\/Sara-Philibotte-Herd-Parliament-Photo.png\" alt=\"\" class=\"wp-image-45171\" srcset=\"https:\/\/denverzoo.org\/wp-content\/uploads\/2026\/04\/Sara-Philibotte-Herd-Parliament-Photo.png 1536w, https:\/\/denverzoo.org\/wp-content\/uploads\/2026\/04\/Sara-Philibotte-Herd-Parliament-Photo-220x165.png 220w, https:\/\/denverzoo.org\/wp-content\/uploads\/2026\/04\/Sara-Philibotte-Herd-Parliament-Photo-1024x768.png 1024w, https:\/\/denverzoo.org\/wp-content\/uploads\/2026\/04\/Sara-Philibotte-Herd-Parliament-Photo-768x576.png 768w, https:\/\/denverzoo.org\/wp-content\/uploads\/2026\/04\/Sara-Philibotte-Herd-Parliament-Photo-50x38.png 50w, https:\/\/denverzoo.org\/wp-content\/uploads\/2026\/04\/Sara-Philibotte-Herd-Parliament-Photo-16x12.png 16w\" sizes=\"auto, (max-width: 1536px) 100vw, 1536px\" \/><\/figure>\n\n\n\n<h4 class=\"wp-block-heading has-text-align-left\"><strong>Sara Philibotte<\/strong><\/h4>\n\n\n\n<p><em><strong>Rol del Comit\u00e9: <\/strong>Miembros potenciales<\/em><\/p>\n\n\n\n<p>Sara Philibotte es analista de inteligencia competitiva y del mercado federal en Booz Allen Hamilton. Nacida en Denver, Sara pas\u00f3 gran parte de su infancia en Littleton y algunos de sus recuerdos favoritos del verano son las visitas al zool\u00f3gico con sus abuelos. Sara ha vivido en muchos lugares, incluyendo Washington D.C., Nueva York, Nuevo Hampshire e Italia, y la mayor constante en su vida ha sido su amor por todo tipo de animales. La pasi\u00f3n de Sara por el voluntariado con animales comenz\u00f3 en la escuela primaria cuando recaud\u00f3 fondos para los osos panda gigantes en el Zool\u00f3gico Nacional del Smithsonian, y espera con entusiasmo liderar los esfuerzos de conservaci\u00f3n de la vida silvestre y defensa del bienestar animal aqu\u00ed en DZCA con The Herd.<\/p>\n\n<\/div>\n<\/div>\n<\/div>\n<\/div>\n    <\/div>\n    <\/div><\/div>\n\n\n<\/div>\n<\/div>\n<\/div>\n\n<\/div>\n<\/div>\n<\/div>\n\n<\/div>\n<\/div>\n<\/div>\n\n<\/div>\n<\/div>","protected":false},"excerpt":{"rendered":"","protected":false},"author":11,"featured_media":19616,"parent":19614,"menu_order":0,"comment_status":"closed","ping_status":"closed","template":"","meta":{"_acf_changed":false,"_relevanssi_hide_post":"","_relevanssi_hide_content":"","_relevanssi_pin_for_all":"","_relevanssi_pin_keywords":"","_relevanssi_unpin_keywords":"","_relevanssi_related_keywords":"","_relevanssi_related_include_ids":"","_relevanssi_related_exclude_ids":"","_relevanssi_related_no_append":"","_relevanssi_related_not_related":"","_relevanssi_related_posts":"116,121,123,538,1202,1775","_relevanssi_noindex_reason":"","footnotes":""},"class_list":["post-19626","page","type-page","status-publish","has-post-thumbnail","hentry"],"acf":[],"_links":{"self":[{"href":"https:\/\/denverzoo.org\/es\/wp-json\/wp\/v2\/pages\/19626","targetHints":{"allow":["GET"]}}],"collection":[{"href":"https:\/\/denverzoo.org\/es\/wp-json\/wp\/v2\/pages"}],"about":[{"href":"https:\/\/denverzoo.org\/es\/wp-json\/wp\/v2\/types\/page"}],"author":[{"embeddable":true,"href":"https:\/\/denverzoo.org\/es\/wp-json\/wp\/v2\/users\/11"}],"replies":[{"embeddable":true,"href":"https:\/\/denverzoo.org\/es\/wp-json\/wp\/v2\/comments?post=19626"}],"version-history":[{"count":2,"href":"https:\/\/denverzoo.org\/es\/wp-json\/wp\/v2\/pages\/19626\/revisions"}],"predecessor-version":[{"id":45199,"href":"https:\/\/denverzoo.org\/es\/wp-json\/wp\/v2\/pages\/19626\/revisions\/45199"}],"up":[{"embeddable":true,"href":"https:\/\/denverzoo.org\/es\/wp-json\/wp\/v2\/pages\/19614"}],"wp:featuredmedia":[{"embeddable":true,"href":"https:\/\/denverzoo.org\/es\/wp-json\/wp\/v2\/media\/19616"}],"wp:attachment":[{"href":"https:\/\/denverzoo.org\/es\/wp-json\/wp\/v2\/media?parent=19626"}],"curies":[{"name":"gracias","href":"https:\/\/api.w.org\/{rel}","templated":true}]}}