{"id":44896,"date":"2026-03-05T08:34:59","date_gmt":"2026-03-05T15:34:59","guid":{"rendered":"https:\/\/denverzoo.org\/zoo-lights-rentals-clone\/"},"modified":"2026-04-03T08:34:45","modified_gmt":"2026-04-03T14:34:45","slug":"glowing-wild-rentals","status":"publish","type":"page","link":"https:\/\/denverzoo.org\/es\/glowing-wild-rentals\/","title":{"rendered":"Alquileres de Glowing Wild"},"content":{"rendered":"<div  class='lhl-section urbi-component urbi-component front_view lhl_comp_width_inherit lhl_spacing_t_09 lhl_spacing_b_09 lhl_spacing_l_00 lhl_spacing_r_00 section-background-t' ><div class=\"urbi-component-inner\">\n    <div class=\"is-layout-constrained\">\n\n<p class=\"has-text-align-center\">\u00bfBusca espacios para eventos en Denver que deleiten a invitados de todas las edades? Ya sea que su grupo busque un lugar para celebrar un logro de la empresa, planificar un evento de agradecimiento para el equipo o los clientes, o simplemente pasar un rato inolvidable, \u00a1estamos deseando recibirlos! Nuestros especialistas en eventos trabajar\u00e1n en estrecha colaboraci\u00f3n con usted para crear un evento que supere sus expectativas y que cumpla con las regulaciones estatales y locales sobre reuniones grupales. Denver Zoo Conservation Alliance ofrece descuentos 15% para agencias gubernamentales y sin fines de lucro, as\u00ed como descuentos 15% para miembros.<\/p>\n\n\n\n<p class=\"has-text-align-center\">Los paquetes de alquiler incluyen una asignaci\u00f3n espec\u00edfica de boletos de admisi\u00f3n, y los boletos adicionales se facturan despu\u00e9s del evento seg\u00fan la asistencia.<\/p>\n\n<\/div>\n\n<\/div>\n<\/div>\n\n\n\n\n<div  class='lhl-section urbi-component urbi-component front_view lhl_comp_width_inherit lhl_spacing_t_09 lhl_spacing_b_09 lhl_spacing_l_00 lhl_spacing_r_00 section-background-t urbi-component-bg--navy-blue' ><div class=\"urbi-component-inner\">\n    <div class=\"is-layout-constrained\">\n\n<h3 class=\"wp-block-heading has-text-align-center\"><strong>EVENTOS SALVAJES Y BRILLANTES DESPU\u00c9S DEL HORARIO DE ATENCI\u00d3N<\/strong><\/h3>\n\n\n\n<p class=\"has-text-align-center\">Organice su reuni\u00f3n privada en algunas tardes de primavera durante Glowing Wild, nuestra experiencia nocturna con faroles por tiempo limitado. El alquiler incluye un espacio privado, y sus invitados podr\u00e1n disfrutar del acceso a las exhibiciones de Glowing Wild y a los edificios interiores con h\u00e1bitats para animales junto con el p\u00fablico general durante toda la noche. Para consultar las fechas y horarios actuales, consulte <a href=\"\/es\/events\/glowing-wild\/\">P\u00e1gina del evento Glowing Wild<\/a>.<\/p>\n\n\n\n<p class=\"has-text-align-center has-white-color has-text-color has-link-color wp-elements-43fb929d0f0bc2eefe3a466a5c6553fb\">Env\u00ede un formulario de consulta utilizando el bot\u00f3n a continuaci\u00f3n para hablar con un coordinador de eventos que pueda dise\u00f1ar una experiencia personal y \u00fanica solo para su grupo.<\/p>\n\n\n    \r\n    \r\n    <div class='urbi_button_link center'><a class=\"urbi-link lhl_button lhl_button--small lhl_button_color_default lhl_button_width_default lhl_button--block\" href=\"\/es\/event-inquiry-form\/\" target=\"\" rel=\"noopener noreferrer\" >Enviar una consulta<\/a><\/div>\n<\/div>\n\n<\/div>\n<\/div>\n\n\r\n\r\n\r\n<div  class='urbi-two-card-block urbi-component urbi-component front_view lhl_comp_width_inherit lhl_spacing_t_09 lhl_spacing_b_09 lhl_spacing_l_00 lhl_spacing_r_00 section-background-t' ><div class=\"urbi-component-inner\">\r\n    <div class=\"uk-child-width-1-2@s uk-grid uk-grid-match\" uk-grid>\r\n\r\n        <div class=\"uk-width-1-2@m\">\n<div class=\"urbi-card urbi-card--shadow-3 urbi-card--with-tags urbi-card--has_cta\">\n    <div class=\"uk-card-media-top urbi-card--img\">\n\n                                    <img loading=\"lazy\" decoding=\"async\" width=\"610\" height=\"360\" src=\"https:\/\/denverzoo.org\/wp-content\/uploads\/2024\/07\/Herd-Brunch_Food_VOL_AJ_240615_009-610x360.jpg\" class=\"urbi-img urbi-featured-homme-img\" alt=\"\" srcset=\"https:\/\/denverzoo.org\/wp-content\/uploads\/2024\/07\/Herd-Brunch_Food_VOL_AJ_240615_009-610x360.jpg 610w, https:\/\/denverzoo.org\/wp-content\/uploads\/2024\/07\/Herd-Brunch_Food_VOL_AJ_240615_009-18x12.jpg 18w\" sizes=\"auto, (max-width: 610px) 100vw, 610px\" \/>                    \n        \n    <\/div>\n    <div class=\"urbi-card--txt uk-text-left\">\n\n                    <h3 class=\"urbi-card__title\">\n                ABASTECIMIENTO            <\/h3>\n        \n        \n                    <div class=\"urbi-card__description\">\n                Nuestros especialistas en eventos lo tratan como la atracci\u00f3n &quot;melena&quot; y atienden sus necesidades al ofrecer experiencias incre\u00edbles, men\u00fas distintivos y un ambiente hermoso, que hacen que cada evento sea extraordinario.            <\/div>\n        \n                    <div class=\"urbi-card__cta_container\">\n                <a class=\"urbi-link urbi-card__cta lhl_button lhl_button_type_solid lhl_button_color_default lhl_button_width_default\" href=\"https:\/\/denverzoo.org\/wp-content\/uploads\/2026\/03\/DFZ-CateringMenu-2025-R13.pdf\" target=\"_self\" rel=\"noopener noreferrer\" >Men\u00fa de catering<\/a>            <\/div>\n            <\/div>\n<\/div><\/div><div class=\"uk-width-1-2@m\">\n<div class=\"urbi-card urbi-card--shadow-3 urbi-card--with-tags urbi-card--has_cta\">\n    <div class=\"uk-card-media-top urbi-card--img\">\n\n                                    <img loading=\"lazy\" decoding=\"async\" width=\"610\" height=\"360\" src=\"https:\/\/denverzoo.org\/wp-content\/uploads\/2023\/06\/EventPhoto-610x360.png\" class=\"urbi-img urbi-featured-homme-img\" alt=\"\" srcset=\"https:\/\/denverzoo.org\/wp-content\/uploads\/2023\/06\/EventPhoto-610x360.png 610w, https:\/\/denverzoo.org\/wp-content\/uploads\/2023\/06\/EventPhoto-18x12.png 18w\" sizes=\"auto, (max-width: 610px) 100vw, 610px\" \/>                    \n        \n    <\/div>\n    <div class=\"urbi-card--txt uk-text-left\">\n\n                    <h3 class=\"urbi-card__title\">\n                DETALLES DEL EVENTO + POL\u00cdTICAS            <\/h3>\n        \n        \n                    <div class=\"urbi-card__description\">\n                Todo lo que necesita saber sobre c\u00f3mo organizar su evento en Denver Zoo Conservation Alliance.            <\/div>\n        \n                    <div class=\"urbi-card__cta_container\">\n                <a class=\"urbi-link urbi-card__cta lhl_button lhl_button_type_solid lhl_button_color_default lhl_button_width_default\" href=\"\/es\/event-policies-2\/\" target=\"_self\" rel=\"noopener noreferrer\" >Ver pol\u00edticas<\/a>            <\/div>\n            <\/div>\n<\/div><\/div>\r\n    <\/div>\r\n<\/div>\r\n<\/div>\n\n\n\n\n<div  class='lhl-section urbi-component urbi-component front_view lhl_comp_width_inherit lhl_spacing_t_03 lhl_spacing_b_09 lhl_spacing_l_00 lhl_spacing_r_00 section-background-t' ><div class=\"urbi-component-inner\">\n    <div class=\"is-layout-constrained\">\n\n<h3 class=\"wp-block-heading has-text-align-center\"><strong>Lugares para eventos brillantes y salvajes<\/strong><\/h3>\n\n\n\n<p class=\"has-text-align-center\">Los espacios para eventos nocturnos de Glowing Wild incluyen lugares interiores y espacios mixtos interiores y exteriores, y son ideales para grupos de diversos tama\u00f1os. Consulta las opciones a continuaci\u00f3n y env\u00eda una consulta para contactar con nuestro equipo de Ventas y Hosteler\u00eda.<\/p>\n\n\n\n<p class=\"has-text-align-center\">Horario de alquiler: 18:30\u201322:00.<\/p>\n\n\n\n\n\n<div  class='lhl-section urbi-component urbi-component front_view lhl_spacing_t_06 lhl_spacing_b_09 lhl_spacing_l_00 lhl_spacing_r_00 section-background-t urbi-component-bg--white' ><div class=\"urbi-component-inner\">\n    <div class=\"is-layout-constrained\">\n\n\n\n<div  class='urbi\/tiles urbi-component urbi-component front_view lhl_spacing_t_00 lhl_spacing_b_00 lhl_spacing_l_00 lhl_spacing_r_00 section-background-t' >\n<div class=\"uk-child-width-1-3@s uk-grid-match\" uk-grid>\n    \n\n\n<div>\n\n        <div  class='urbi\/tile urbi-card urbi-card--tile urbi-card--shadow-3' >\n    <div class=\"urbi-tile-inner\">\n                <div class=\"tile-content padding-small\">\n\n<figure class=\"wp-block-image size-featured_news_large\"><img loading=\"lazy\" decoding=\"async\" width=\"475\" height=\"354\" src=\"https:\/\/denverzoo.org\/wp-content\/uploads\/2024\/09\/Tree-Tops-Studio-4-475x354.jpg\" alt=\"\" class=\"wp-image-38834\" style=\"aspect-ratio:16\/9;object-fit:cover\" srcset=\"https:\/\/denverzoo.org\/wp-content\/uploads\/2024\/09\/Tree-Tops-Studio-4-475x354.jpg 475w, https:\/\/denverzoo.org\/wp-content\/uploads\/2024\/09\/Tree-Tops-Studio-4-220x165.jpg 220w, https:\/\/denverzoo.org\/wp-content\/uploads\/2024\/09\/Tree-Tops-Studio-4-50x38.jpg 50w, https:\/\/denverzoo.org\/wp-content\/uploads\/2024\/09\/Tree-Tops-Studio-4-16x12.jpg 16w\" sizes=\"auto, (max-width: 475px) 100vw, 475px\" \/><\/figure>\n\n\n\n<h4 class=\"wp-block-heading\"><strong>Estudio de pastizales, estudio de copas de \u00e1rboles<\/strong><\/h4>\n\n\n\n<p class=\"has-paragraph-medium-font-size\">Nuestros estudios (ubicados dentro del Centro Educativo Gates) son ideales para reuniones peque\u00f1as o pueden usarse como salas de descanso. Grasslands and Treetops Studios est\u00e1n disponibles individualmente utilizando una pared de aire removible o se pueden combinar para albergar una ocasi\u00f3n m\u00e1s grande. Entradas privadas est\u00e1n disponibles en cada habitaci\u00f3n.&nbsp;<\/p>\n\n\n\n<ul class=\"wp-block-list\">\n<li class=\"has-paragraph-medium-font-size\">Capacidad sentada: 40 (cada habitaci\u00f3n)<\/li>\n\n\n\n<li class=\"has-paragraph-medium-font-size\">Capacidad permanente: 65 (cada habitaci\u00f3n)<\/li>\n\n\n\n<li class=\"has-paragraph-medium-font-size\">El recinto incluye 25 entradas para disfrutar del evento durante el horario de apertura o fuera de \u00e9l.<\/li>\n\n\n\n<li>Capacidades AV<\/li>\n<\/ul>\n\n<\/div>\n    <\/div>\n    <\/div><\/div>\n\n\n\n<div>\n\n        <div  class='urbi\/tile urbi-card urbi-card--tile urbi-card--shadow-3' >\n    <div class=\"urbi-tile-inner\">\n                <div class=\"tile-content padding-small\">\n\n<figure class=\"wp-block-image size-featured_news_large\"><img loading=\"lazy\" decoding=\"async\" width=\"475\" height=\"354\" src=\"https:\/\/denverzoo.org\/wp-content\/uploads\/2025\/06\/NH-4-475x354.jpg\" alt=\"\" class=\"wp-image-42226\" style=\"aspect-ratio:16\/9;object-fit:cover\" srcset=\"https:\/\/denverzoo.org\/wp-content\/uploads\/2025\/06\/NH-4-475x354.jpg 475w, https:\/\/denverzoo.org\/wp-content\/uploads\/2025\/06\/NH-4-18x12.jpg 18w\" sizes=\"auto, (max-width: 475px) 100vw, 475px\" \/><\/figure>\n\n\n\n<h4 class=\"wp-block-heading\" style=\"padding-right:0;padding-left:0\"><strong>Sal\u00f3n Norgren<\/strong><\/h4>\n\n\n\n<p class=\"has-paragraph-medium-font-size\">Norgren Hall es nuestra instalaci\u00f3n interior m\u00e1s grande con ventanales del piso al techo y una vista espectacular de Predator Ridge y el h\u00e1bitat de los gerenuk. Se pueden utilizar dos paredes de aire dentro del sal\u00f3n de banquetes para crear espacios m\u00e1s peque\u00f1os, perfectos para salas de descanso. Este espacioso lugar para eventos es ideal para una reuni\u00f3n corporativa \u00fanica o cualquier reuni\u00f3n en el interior.<\/p>\n\n\n\n<ul class=\"wp-block-list\">\n<li class=\"has-paragraph-medium-font-size\">Capacidad sentada: 160<\/li>\n\n\n\n<li class=\"has-paragraph-medium-font-size\">Capacidad de pie: 220<\/li>\n\n\n\n<li class=\"has-paragraph-medium-font-size\">El recinto incluye 100 entradas para el horario de apertura y para eventos fuera de horario habitual.<\/li>\n\n\n\n<li class=\"has-paragraph-medium-font-size\">Capacidades AV <\/li>\n<\/ul>\n\n<\/div>\n    <\/div>\n    <\/div><\/div>\n\n\n\n<div>\n\n        <div  class='urbi\/tile urbi-card urbi-card--tile urbi-card--shadow-3' >\n    <div class=\"urbi-tile-inner\">\n                <div class=\"tile-content padding-small\">\n\n<figure class=\"wp-block-image size-featured_news_large\"><img loading=\"lazy\" decoding=\"async\" width=\"475\" height=\"354\" src=\"https:\/\/denverzoo.org\/wp-content\/uploads\/2025\/06\/Wildlife-Plaza-6-475x354.jpg\" alt=\"\" class=\"wp-image-42229\" style=\"aspect-ratio:16\/9;object-fit:cover\" srcset=\"https:\/\/denverzoo.org\/wp-content\/uploads\/2025\/06\/Wildlife-Plaza-6-475x354.jpg 475w, https:\/\/denverzoo.org\/wp-content\/uploads\/2025\/06\/Wildlife-Plaza-6-18x12.jpg 18w\" sizes=\"auto, (max-width: 475px) 100vw, 475px\" \/><\/figure>\n\n\n\n<h4 class=\"wp-block-heading\"><strong>Wildlife Plaza<\/strong><\/h4>\n\n\n\n<p class=\"has-paragraph-medium-font-size\">Temporalmente no disponible <\/p>\n\n\n\n<p class=\"has-paragraph-medium-font-size\"><\/p>\n\n<\/div>\n    <\/div>\n    <\/div><\/div>\n\n\n<\/div>\n<\/div>\n\n\n\n\n<div  class='urbi\/tiles urbi-component urbi-component front_view' >\n<div class=\"uk-child-width-1-2@s uk-grid-match\" uk-grid>\n    \n\n\n<div>\n\n        <div  class='urbi\/tile urbi-card urbi-card--tile urbi-card--shadow-3' >\n    <div class=\"urbi-tile-inner\">\n                <div class=\"tile-content padding-small\">\n\n<figure class=\"wp-block-image size-large\"><img loading=\"lazy\" decoding=\"async\" width=\"1024\" height=\"768\" src=\"https:\/\/denverzoo.org\/wp-content\/uploads\/2026\/03\/ZG-June-2024-1024x768.jpg\" alt=\"\" class=\"wp-image-44932\" style=\"aspect-ratio:16\/9;object-fit:cover\" srcset=\"https:\/\/denverzoo.org\/wp-content\/uploads\/2026\/03\/ZG-June-2024-1024x768.jpg 1024w, https:\/\/denverzoo.org\/wp-content\/uploads\/2026\/03\/ZG-June-2024-220x165.jpg 220w, https:\/\/denverzoo.org\/wp-content\/uploads\/2026\/03\/ZG-June-2024-768x576.jpg 768w, https:\/\/denverzoo.org\/wp-content\/uploads\/2026\/03\/ZG-June-2024-50x38.jpg 50w, https:\/\/denverzoo.org\/wp-content\/uploads\/2026\/03\/ZG-June-2024-1600x1200.jpg 1600w, https:\/\/denverzoo.org\/wp-content\/uploads\/2026\/03\/ZG-June-2024-1536x1152.jpg 1536w, https:\/\/denverzoo.org\/wp-content\/uploads\/2026\/03\/ZG-June-2024-2048x1536.jpg 2048w, https:\/\/denverzoo.org\/wp-content\/uploads\/2026\/03\/ZG-June-2024-16x12.jpg 16w\" sizes=\"auto, (max-width: 1024px) 100vw, 1024px\" \/><\/figure>\n\n\n\n<h4 class=\"wp-block-heading\"><strong>Pabell\u00f3n + Plaza de los Jardines del Zool\u00f3gico<\/strong><\/h4>\n\n\n\n<p class=\"has-paragraph-medium-font-size\">Nuestro lugar para eventos m\u00e1s grande, Zoo Gardens Pavilion and Plaza, puede albergar invitados en cualquier \u00e9poca del a\u00f1o debajo del amplio pabell\u00f3n con calefacci\u00f3n y la plaza con patio al aire libre contigua. \u00a1Este lugar interior y exterior es perfecto para grupos grandes y ofrece opciones para c\u00f3cteles, cenas, entretenimiento, presentaciones o incluso una visita de nuestros Embajadores Animales!&nbsp;<\/p>\n\n\n\n<ul class=\"wp-block-list\">\n<li class=\"has-paragraph-medium-font-size\">Capacidad de asientos: 250 bajo pabell\u00f3n o 375 en pabell\u00f3n y plaza<\/li>\n\n\n\n<li class=\"has-paragraph-medium-font-size\">Capacidad de pie: 500 en el pabell\u00f3n y la plaza<\/li>\n\n\n\n<li class=\"has-paragraph-medium-font-size\">El lugar incluye 200 boletos de admisi\u00f3n durante el horario de atenci\u00f3n al p\u00fablico y fuera del horario de atenci\u00f3n al p\u00fablico.<\/li>\n\n\n\n<li>Capacidades AV<\/li>\n<\/ul>\n\n<\/div>\n    <\/div>\n    <\/div><\/div>\n\n\n\n<div>\n\n        <div  class='urbi\/tile urbi-card urbi-card--tile urbi-card--shadow-3' >\n    <div class=\"urbi-tile-inner\">\n                <div class=\"tile-content padding-small\">\n\n<figure class=\"wp-block-image size-large\"><img loading=\"lazy\" decoding=\"async\" width=\"1024\" height=\"768\" src=\"https:\/\/denverzoo.org\/wp-content\/uploads\/2026\/03\/TheCoveLookout-1024x768.jpeg\" alt=\"\" class=\"wp-image-44936\" style=\"aspect-ratio:16\/9;object-fit:cover\" srcset=\"https:\/\/denverzoo.org\/wp-content\/uploads\/2026\/03\/TheCoveLookout-1024x768.jpeg 1024w, https:\/\/denverzoo.org\/wp-content\/uploads\/2026\/03\/TheCoveLookout-220x165.jpeg 220w, https:\/\/denverzoo.org\/wp-content\/uploads\/2026\/03\/TheCoveLookout-768x576.jpeg 768w, https:\/\/denverzoo.org\/wp-content\/uploads\/2026\/03\/TheCoveLookout-50x38.jpeg 50w, https:\/\/denverzoo.org\/wp-content\/uploads\/2026\/03\/TheCoveLookout-1600x1200.jpeg 1600w, https:\/\/denverzoo.org\/wp-content\/uploads\/2026\/03\/TheCoveLookout-1536x1152.jpeg 1536w, https:\/\/denverzoo.org\/wp-content\/uploads\/2026\/03\/TheCoveLookout-2048x1536.jpeg 2048w, https:\/\/denverzoo.org\/wp-content\/uploads\/2026\/03\/TheCoveLookout-16x12.jpeg 16w\" sizes=\"auto, (max-width: 1024px) 100vw, 1024px\" \/><\/figure>\n\n\n\n<h4 class=\"wp-block-heading\"><strong>La Cala + El Mirador<\/strong><\/h4>\n\n\n\n<p>Situado justo detr\u00e1s del h\u00e1bitat de los leones marinos, The Cove + The Lookout ofrece un entorno exterior estimulante donde los hu\u00e9spedes pueden disfrutar de las vistas y los sonidos de nuestros leones marinos de California durante todo el d\u00eda. Este espacio sombreado junto al h\u00e1bitat es ideal para recepciones, sesiones de trabajo en grupo o reuniones informales con un marcado ambiente costero.<\/p>\n\n\n\n<ul class=\"wp-block-list\">\n<li class=\"has-paragraph-medium-font-size\">Capacidad de asientos: 60<\/li>\n\n\n\n<li class=\"has-paragraph-medium-font-size\">Capacidad de pie: 80<\/li>\n\n\n\n<li class=\"has-paragraph-medium-font-size\">El recinto incluye 30 entradas para disfrutar durante el horario de apertura al p\u00fablico o fuera de \u00e9l.<a id=\"_msocom_1\"><\/a><\/li>\n<\/ul>\n\n<\/div>\n    <\/div>\n    <\/div><\/div>\n\n\n<\/div>\n<\/div>\n\n\n\n\n<div  class='urbi\/tiles urbi-component urbi-component front_view' >\n<div class=\"uk-child-width-1-2@s uk-grid-match\" uk-grid>\n    \n\n\n<div>\n\n        <div  class='urbi\/tile urbi-card urbi-card--tile urbi-card--shadow-3' >\n    <div class=\"urbi-tile-inner\">\n                <div class=\"tile-content padding-small\">\n\n<figure class=\"wp-block-image size-large\"><img loading=\"lazy\" decoding=\"async\" width=\"1024\" height=\"683\" src=\"https:\/\/denverzoo.org\/wp-content\/uploads\/2021\/12\/Norgren-Hall-3-1024x683.jpg\" alt=\"\" class=\"wp-image-24943\" style=\"aspect-ratio:16\/9;object-fit:cover\" srcset=\"https:\/\/denverzoo.org\/wp-content\/uploads\/2021\/12\/Norgren-Hall-3-1024x683.jpg 1024w, https:\/\/denverzoo.org\/wp-content\/uploads\/2021\/12\/Norgren-Hall-3-220x147.jpg 220w, https:\/\/denverzoo.org\/wp-content\/uploads\/2021\/12\/Norgren-Hall-3-768x513.jpg 768w, https:\/\/denverzoo.org\/wp-content\/uploads\/2021\/12\/Norgren-Hall-3-1536x1025.jpg 1536w, https:\/\/denverzoo.org\/wp-content\/uploads\/2021\/12\/Norgren-Hall-3-2048x1367.jpg 2048w, https:\/\/denverzoo.org\/wp-content\/uploads\/2021\/12\/Norgren-Hall-3-18x12.jpg 18w\" sizes=\"auto, (max-width: 1024px) 100vw, 1024px\" \/><\/figure>\n\n\n\n<h4 class=\"wp-block-heading\"><strong>Compra del Centro de Educaci\u00f3n Gates <\/strong><\/h4>\n\n\n\n<p class=\"has-paragraph-medium-font-size\">El Centro Educativo Gates es ideal para grupos grandes que buscan un espacio interior con la opci\u00f3n de usar los estudios independientes como salas para sesiones paralelas. Ubicado en la entrada principal del zool\u00f3gico, cerca de la entrada principal, es de f\u00e1cil acceso para los visitantes. El alquiler incluye el uso del Sal\u00f3n Norgren, los Estudios Grasslands y Treetops, todos ubicados en la primera planta.<\/p>\n\n\n\n<ul class=\"wp-block-list\">\n<li class=\"has-paragraph-medium-font-size\">Capacidad sentada: 240<\/li>\n\n\n\n<li>Capacidad de pie: 350<\/li>\n\n\n\n<li>El recinto incluye 150 entradas para acceder al espacio tanto en horario de apertura como fuera de \u00e9l.<\/li>\n\n\n\n<li class=\"has-paragraph-medium-font-size\">Capacidades AV<\/li>\n<\/ul>\n\n<\/div>\n    <\/div>\n    <\/div><\/div>\n\n\n\n<div>\n\n        <div  class='urbi\/tile urbi-card urbi-card--tile urbi-card--shadow-3' >\n    <div class=\"urbi-tile-inner\">\n                <div class=\"tile-content padding-small\">\n\n<figure class=\"wp-block-image size-large\"><img loading=\"lazy\" decoding=\"async\" width=\"1024\" height=\"768\" src=\"https:\/\/denverzoo.org\/wp-content\/uploads\/2026\/03\/Seaside-Deck-Pool-Overlook-2025-1024x768.jpg\" alt=\"\" class=\"wp-image-44931\" style=\"aspect-ratio:16\/9;object-fit:cover\" srcset=\"https:\/\/denverzoo.org\/wp-content\/uploads\/2026\/03\/Seaside-Deck-Pool-Overlook-2025-1024x768.jpg 1024w, https:\/\/denverzoo.org\/wp-content\/uploads\/2026\/03\/Seaside-Deck-Pool-Overlook-2025-220x165.jpg 220w, https:\/\/denverzoo.org\/wp-content\/uploads\/2026\/03\/Seaside-Deck-Pool-Overlook-2025-768x576.jpg 768w, https:\/\/denverzoo.org\/wp-content\/uploads\/2026\/03\/Seaside-Deck-Pool-Overlook-2025-50x38.jpg 50w, https:\/\/denverzoo.org\/wp-content\/uploads\/2026\/03\/Seaside-Deck-Pool-Overlook-2025-1600x1200.jpg 1600w, https:\/\/denverzoo.org\/wp-content\/uploads\/2026\/03\/Seaside-Deck-Pool-Overlook-2025-1536x1152.jpg 1536w, https:\/\/denverzoo.org\/wp-content\/uploads\/2026\/03\/Seaside-Deck-Pool-Overlook-2025-2048x1536.jpg 2048w, https:\/\/denverzoo.org\/wp-content\/uploads\/2026\/03\/Seaside-Deck-Pool-Overlook-2025-16x12.jpg 16w\" sizes=\"auto, (max-width: 1024px) 100vw, 1024px\" \/><\/figure>\n\n\n\n<h4 class=\"wp-block-heading\"><strong>Cubierta junto al mar<\/strong><\/h4>\n\n\n\n<p>Ubicado junto al h\u00e1bitat de los leones marinos, el Seaside Deck ofrece un patio \u00edntimo al aire libre con vistas y sonidos que dan vida a la experiencia. Este espacio relajado y vers\u00e1til es perfecto para peque\u00f1as reuniones, sesiones de trabajo en grupo o un lugar de encuentro informal al aire libre con una conexi\u00f3n \u00fanica con nuestros leones marinos de California.<\/p>\n\n\n\n<ul class=\"wp-block-list\">\n<li class=\"has-paragraph-medium-font-size\">Capacidad sentada: 20<\/li>\n\n\n\n<li>Capacidad de pie: 30<\/li>\n\n\n\n<li class=\"has-paragraph-medium-font-size\">El recinto incluye 30 entradas para disfrutar durante el horario de apertura al p\u00fablico o fuera de \u00e9l.<a id=\"_msocom_1\"><\/a><\/li>\n<\/ul>\n\n<\/div>\n    <\/div>\n    <\/div><\/div>\n\n\n<\/div>\n<\/div>\n<\/div>\n\n<\/div>\n<\/div>\n<\/div>\n\n<\/div>\n<\/div>\n\n\n\n\n<div  class='lhl-section urbi-component urbi-component front_view lhl_comp_width_inherit lhl_spacing_t_09 lhl_spacing_b_09 lhl_spacing_l_00 lhl_spacing_r_00 section-background-3' ><div class=\"urbi-component-inner\">\n    <div class=\"is-layout-constrained\">\n\n<h3 class=\"wp-block-heading has-text-align-center\"><strong>Compras salvajes y brillantes<\/strong><\/h3>\n\n\n\n<p class=\"has-text-align-center\">Horario de alquiler: 18:30\u201322:00.<br>Capacidad: Hasta 4.500<\/p>\n\n\n\n<p class=\"has-text-align-center\">\u00bfBuscas una experiencia inolvidable? Es posible que haya plazas limitadas disponibles para todo el zool\u00f3gico en fechas seleccionadas de primavera durante la temporada de Glowing Wild. Disfruta de acceso privado a nuestro campus de 80 acres con la experiencia de las linternas y h\u00e1bitats interiores para tus invitados. <\/p>\n\n\n\n<p class=\"has-text-align-center\">La disponibilidad es limitada y las fechas se reservan r\u00e1pidamente. <a href=\"\/es\/event-inquiry-form\/\">Enviar una consulta<\/a> para discutir opciones con nuestro equipo.<\/p>\n\n\n    \r\n    \r\n    <div class='urbi_button_link center'><a class=\"urbi-link lhl_button lhl_button--small lhl_button_color_default lhl_button_width_default lhl_button--block\" href=\"\/es\/event-inquiry-form\/\" target=\"\" rel=\"noopener noreferrer\" >Enviar una consulta<\/a><\/div>\n<\/div>\n\n<\/div>\n<\/div>","protected":false},"excerpt":{"rendered":"","protected":false},"author":11,"featured_media":44868,"parent":0,"menu_order":0,"comment_status":"closed","ping_status":"closed","template":"","meta":{"_acf_changed":false,"_relevanssi_hide_post":"","_relevanssi_hide_content":"","_relevanssi_pin_for_all":"","_relevanssi_pin_keywords":"","_relevanssi_unpin_keywords":"","_relevanssi_related_keywords":"","_relevanssi_related_include_ids":"","_relevanssi_related_exclude_ids":"","_relevanssi_related_no_append":"","_relevanssi_related_not_related":"","_relevanssi_related_posts":"33112,121,116,123,538,27218","_relevanssi_noindex_reason":"","footnotes":""},"class_list":["post-44896","page","type-page","status-publish","has-post-thumbnail","hentry"],"acf":[],"_links":{"self":[{"href":"https:\/\/denverzoo.org\/es\/wp-json\/wp\/v2\/pages\/44896","targetHints":{"allow":["GET"]}}],"collection":[{"href":"https:\/\/denverzoo.org\/es\/wp-json\/wp\/v2\/pages"}],"about":[{"href":"https:\/\/denverzoo.org\/es\/wp-json\/wp\/v2\/types\/page"}],"author":[{"embeddable":true,"href":"https:\/\/denverzoo.org\/es\/wp-json\/wp\/v2\/users\/11"}],"replies":[{"embeddable":true,"href":"https:\/\/denverzoo.org\/es\/wp-json\/wp\/v2\/comments?post=44896"}],"version-history":[{"count":3,"href":"https:\/\/denverzoo.org\/es\/wp-json\/wp\/v2\/pages\/44896\/revisions"}],"predecessor-version":[{"id":45149,"href":"https:\/\/denverzoo.org\/es\/wp-json\/wp\/v2\/pages\/44896\/revisions\/45149"}],"wp:featuredmedia":[{"embeddable":true,"href":"https:\/\/denverzoo.org\/es\/wp-json\/wp\/v2\/media\/44868"}],"wp:attachment":[{"href":"https:\/\/denverzoo.org\/es\/wp-json\/wp\/v2\/media?parent=44896"}],"curies":[{"name":"gracias","href":"https:\/\/api.w.org\/{rel}","templated":true}]}}